{"id":2511,"date":"2023-01-24T23:28:31","date_gmt":"2023-01-24T22:28:31","guid":{"rendered":"https:\/\/augen-arzt-praxis.ch\/our-practice\/"},"modified":"2026-03-11T19:10:21","modified_gmt":"2026-03-11T18:10:21","slug":"our-practice","status":"publish","type":"page","link":"https:\/\/augen-arzt-praxis.ch\/en\/our-practice\/","title":{"rendered":"Our practice"},"content":{"rendered":"\t\t<div data-elementor-type=\"wp-page\" data-elementor-id=\"2511\" class=\"elementor elementor-2511 elementor-124\" data-elementor-post-type=\"page\">\n\t\t\t\t\t\t<section class=\"elementor-section elementor-top-section elementor-element elementor-element-551398a4 elementor-section-boxed elementor-section-height-default elementor-section-height-default\" data-id=\"551398a4\" data-element_type=\"section\" data-e-type=\"section\" data-settings=\"{&quot;background_background&quot;:&quot;classic&quot;}\">\n\t\t\t\t\t\t\t<div class=\"elementor-background-overlay\"><\/div>\n\t\t\t\t\t\t\t<div class=\"elementor-container elementor-column-gap-default\">\n\t\t\t\t\t<div class=\"elementor-column elementor-col-100 elementor-top-column elementor-element elementor-element-147b6fca\" data-id=\"147b6fca\" data-element_type=\"column\" data-e-type=\"column\" data-settings=\"{&quot;background_background&quot;:&quot;classic&quot;}\">\n\t\t\t<div class=\"elementor-widget-wrap elementor-element-populated\">\n\t\t\t\t\t\t<div class=\"elementor-element elementor-element-1ff4c1b elementor-widget elementor-widget-heading\" data-id=\"1ff4c1b\" data-element_type=\"widget\" data-e-type=\"widget\" data-widget_type=\"heading.default\">\n\t\t\t\t<div class=\"elementor-widget-container\">\n\t\t\t\t\t<h2 class=\"elementor-heading-title elementor-size-default\">Our practice<\/h2>\t\t\t\t<\/div>\n\t\t\t\t<\/div>\n\t\t\t\t<div class=\"elementor-element elementor-element-34262399 elementor-icon-list--layout-inline elementor-align-center elementor-list-item-link-full_width elementor-widget elementor-widget-icon-list\" data-id=\"34262399\" data-element_type=\"widget\" data-e-type=\"widget\" data-widget_type=\"icon-list.default\">\n\t\t\t\t<div class=\"elementor-widget-container\">\n\t\t\t\t\t\t\t<ul class=\"elementor-icon-list-items elementor-inline-items\">\n\t\t\t\t\t\t\t<li class=\"elementor-icon-list-item elementor-inline-item\">\n\t\t\t\t\t\t\t\t\t\t\t<a href=\"https:\/\/augen-arzt-praxis.ch\/en\/\">\n\n\t\t\t\t\t\t\t\t\t\t\t<span class=\"elementor-icon-list-text\">Home<\/span>\n\t\t\t\t\t\t\t\t\t\t\t<\/a>\n\t\t\t\t\t\t\t\t\t<\/li>\n\t\t\t\t\t\t\t\t<li class=\"elementor-icon-list-item elementor-inline-item\">\n\t\t\t\t\t\t\t\t\t\t\t<a href=\"https:\/\/augen-arzt-praxis.ch\/en\/our-practice\/\">\n\n\t\t\t\t\t\t\t\t\t\t\t\t<span class=\"elementor-icon-list-icon\">\n\t\t\t\t\t\t\t<i aria-hidden=\"true\" class=\"fas fa-chevron-right\"><\/i>\t\t\t\t\t\t<\/span>\n\t\t\t\t\t\t\t\t\t\t<span class=\"elementor-icon-list-text\">Our practice<\/span>\n\t\t\t\t\t\t\t\t\t\t\t<\/a>\n\t\t\t\t\t\t\t\t\t<\/li>\n\t\t\t\t\t\t<\/ul>\n\t\t\t\t\t\t<\/div>\n\t\t\t\t<\/div>\n\t\t\t\t\t<\/div>\n\t\t<\/div>\n\t\t\t\t\t<\/div>\n\t\t<\/section>\n\t\t\t\t<section class=\"elementor-section elementor-top-section elementor-element elementor-element-7cedccf elementor-section-content-middle elementor-section-boxed elementor-section-height-default elementor-section-height-default\" data-id=\"7cedccf\" data-element_type=\"section\" data-e-type=\"section\" data-settings=\"{&quot;background_background&quot;:&quot;classic&quot;}\">\n\t\t\t\t\t\t<div class=\"elementor-container elementor-column-gap-default\">\n\t\t\t\t\t<div class=\"elementor-column elementor-col-50 elementor-top-column elementor-element elementor-element-1ad15a3\" data-id=\"1ad15a3\" data-element_type=\"column\" data-e-type=\"column\">\n\t\t\t<div class=\"elementor-widget-wrap elementor-element-populated\">\n\t\t\t\t\t\t<div class=\"elementor-element elementor-element-b6c76da elementor-widget elementor-widget-image\" data-id=\"b6c76da\" data-element_type=\"widget\" data-e-type=\"widget\" data-widget_type=\"image.default\">\n\t\t\t\t<div class=\"elementor-widget-container\">\n\t\t\t\t\t\t\t\t\t\t\t\t\t\t\t<img decoding=\"async\" src=\"https:\/\/augen-arzt-praxis.ch\/wp-content\/uploads\/elementor\/thumbs\/mNzEXP9U-q16ciijnm3q2zvbccqc6noco0ogpj0kt810lk8k5eg.jpg\" title=\"mNzEXP9U\" alt=\"mNzEXP9U\" loading=\"lazy\" \/>\t\t\t\t\t\t\t\t\t\t\t\t\t\t\t<\/div>\n\t\t\t\t<\/div>\n\t\t\t\t<div class=\"elementor-element elementor-element-c28b8ed elementor-widget elementor-widget-image\" data-id=\"c28b8ed\" data-element_type=\"widget\" data-e-type=\"widget\" data-widget_type=\"image.default\">\n\t\t\t\t<div class=\"elementor-widget-container\">\n\t\t\t\t\t\t\t\t\t\t\t\t\t\t\t<img decoding=\"async\" src=\"https:\/\/augen-arzt-praxis.ch\/wp-content\/uploads\/elementor\/thumbs\/wwxezFcx-q16ck8l41i7m97m5e1h04s11rcl47al1l8kpeazvnk.jpg\" title=\"wwxezFcx\" alt=\"wwxezFcx\" loading=\"lazy\" \/>\t\t\t\t\t\t\t\t\t\t\t\t\t\t\t<\/div>\n\t\t\t\t<\/div>\n\t\t\t\t<div class=\"elementor-element elementor-element-e025552 elementor-widget__width-initial elementor-absolute elementor-hidden-phone animated-slow elementor-invisible elementor-widget elementor-widget-jkit_fun_fact\" data-id=\"e025552\" data-element_type=\"widget\" data-e-type=\"widget\" data-settings=\"{&quot;_position&quot;:&quot;absolute&quot;,&quot;_animation&quot;:&quot;fadeInUp&quot;}\" data-widget_type=\"jkit_fun_fact.default\">\n\t\t\t\t<div class=\"elementor-widget-container\">\n\t\t\t\t\t<div  class=\"jeg-elementor-kit jkit-fun-fact align-center hover-from-left elementor-animation- jeg_module___69f5aba947123\" ><div class=fun-fact-inner>\n            <div class=\"content\">\n                <div class=\"number-wrapper\"><span class=\"prefix\"><\/span>\n        <span class=\"number\" data-value=\"20\" data-animation-duration=\"3500\">0<\/span>\n        <span class=\"suffix\"><\/span><sup class=\"super\">+<\/sup><\/div>\n                <span class=\"title\">Jahre Erfahrung<\/span>\n            <\/div>\n        <\/div><\/div>\t\t\t\t<\/div>\n\t\t\t\t<\/div>\n\t\t\t\t\t<\/div>\n\t\t<\/div>\n\t\t\t\t<div class=\"elementor-column elementor-col-50 elementor-top-column elementor-element elementor-element-fccea5b\" data-id=\"fccea5b\" data-element_type=\"column\" data-e-type=\"column\">\n\t\t\t<div class=\"elementor-widget-wrap elementor-element-populated\">\n\t\t\t\t\t\t<div class=\"elementor-element elementor-element-41e2feb animated-slow elementor-invisible elementor-widget elementor-widget-heading\" data-id=\"41e2feb\" data-element_type=\"widget\" data-e-type=\"widget\" data-settings=\"{&quot;_animation&quot;:&quot;fadeInRight&quot;}\" data-widget_type=\"heading.default\">\n\t\t\t\t<div class=\"elementor-widget-container\">\n\t\t\t\t\t<h5 class=\"elementor-heading-title elementor-size-default\">About us<\/h5>\t\t\t\t<\/div>\n\t\t\t\t<\/div>\n\t\t\t\t<div class=\"elementor-element elementor-element-baaec41 elementor-widget elementor-widget-heading\" data-id=\"baaec41\" data-element_type=\"widget\" data-e-type=\"widget\" data-widget_type=\"heading.default\">\n\t\t\t\t<div class=\"elementor-widget-container\">\n\t\t\t\t\t<h2 class=\"elementor-heading-title elementor-size-default\">Our practice<\/h2>\t\t\t\t<\/div>\n\t\t\t\t<\/div>\n\t\t\t\t<div class=\"elementor-element elementor-element-4feafe5 elementor-widget elementor-widget-text-editor\" data-id=\"4feafe5\" data-element_type=\"widget\" data-e-type=\"widget\" data-widget_type=\"text-editor.default\">\n\t\t\t\t<div class=\"elementor-widget-container\">\n\t\t\t\t\t\t\t\t\t<p>We place great importance on ensuring that patients of all ages\u2014young and old\u2014feel comfortable with us. Here you can take a look and get an impression of our practice rooms.  <\/p>\t\t\t\t\t\t\t\t<\/div>\n\t\t\t\t<\/div>\n\t\t\t\t<div class=\"elementor-element elementor-element-0bcd577 elementor-widget elementor-widget-button\" data-id=\"0bcd577\" data-element_type=\"widget\" data-e-type=\"widget\" data-widget_type=\"button.default\">\n\t\t\t\t<div class=\"elementor-widget-container\">\n\t\t\t\t\t\t\t\t\t<div class=\"elementor-button-wrapper\">\n\t\t\t\t\t<a class=\"elementor-button elementor-button-link elementor-size-sm elementor-animation-float\" href=\"https:\/\/augen-arzt-praxis.ch\/en\/our-practice\/#impressionen\">\n\t\t\t\t\t\t<span class=\"elementor-button-content-wrapper\">\n\t\t\t\t\t\t\t\t\t<span class=\"elementor-button-text\">View practice pictures<\/span>\n\t\t\t\t\t<\/span>\n\t\t\t\t\t<\/a>\n\t\t\t\t<\/div>\n\t\t\t\t\t\t\t\t<\/div>\n\t\t\t\t<\/div>\n\t\t\t\t<div class=\"elementor-element elementor-element-dade807 elementor-widget elementor-widget-heading\" data-id=\"dade807\" data-element_type=\"widget\" data-e-type=\"widget\" data-widget_type=\"heading.default\">\n\t\t\t\t<div class=\"elementor-widget-container\">\n\t\t\t\t\t<h3 class=\"elementor-heading-title elementor-size-default\">Our philosophy<\/h3>\t\t\t\t<\/div>\n\t\t\t\t<\/div>\n\t\t\t\t<div class=\"elementor-element elementor-element-426d643 elementor-widget elementor-widget-text-editor\" data-id=\"426d643\" data-element_type=\"widget\" data-e-type=\"widget\" data-widget_type=\"text-editor.default\">\n\t\t\t\t<div class=\"elementor-widget-container\">\n\t\t\t\t\t\t\t\t\t<p>The well-being of all our patients, both young and old, is our top priority. To achieve this, our team of doctors, orthoptists, and medical assistants is delighted to work closely with you and with one another.  <\/p>\t\t\t\t\t\t\t\t<\/div>\n\t\t\t\t<\/div>\n\t\t\t\t<div class=\"elementor-element elementor-element-a6e282f elementor-widget elementor-widget-toggle\" data-id=\"a6e282f\" data-element_type=\"widget\" data-e-type=\"widget\" data-widget_type=\"toggle.default\">\n\t\t\t\t<div class=\"elementor-widget-container\">\n\t\t\t\t\t\t\t<div class=\"elementor-toggle\">\n\t\t\t\t\t\t\t<div class=\"elementor-toggle-item\">\n\t\t\t\t\t<div id=\"elementor-tab-title-1741\" class=\"elementor-tab-title\" data-tab=\"1\" role=\"button\" aria-controls=\"elementor-tab-content-1741\" aria-expanded=\"false\">\n\t\t\t\t\t\t\t\t\t\t\t\t<span class=\"elementor-toggle-icon elementor-toggle-icon-left\" aria-hidden=\"true\">\n\t\t\t\t\t\t\t\t\t\t\t\t\t\t\t<span class=\"elementor-toggle-icon-closed\"><i class=\"fas fa-caret-right\"><\/i><\/span>\n\t\t\t\t\t\t\t\t<span class=\"elementor-toggle-icon-opened\"><i class=\"elementor-toggle-icon-opened fas fa-caret-up\"><\/i><\/span>\n\t\t\t\t\t\t\t\t\t\t\t\t\t<\/span>\n\t\t\t\t\t\t\t\t\t\t\t\t<a class=\"elementor-toggle-title\" tabindex=\"0\">Learn more:<\/a>\n\t\t\t\t\t<\/div>\n\n\t\t\t\t\t<div id=\"elementor-tab-content-1741\" class=\"elementor-tab-content elementor-clearfix\" data-tab=\"1\" role=\"region\" aria-labelledby=\"elementor-tab-title-1741\"><p>We want to offer patients the best possible medical care. Therefore, we work according to the latest standards. We keep ourself regularly informed about the latest scientific findings and have many years of clinical experience. In the case of some diseases, interdisciplinary cooperation between all involved physicians is required, in order to provide a medical care in the best possible way. For us, a good cooperation and communication with other doctors (such as paediatricians, internists, neurologists, general practitioners as well as doctors of the Children&#8217;s Hospital and other hospitals in the city of Zurich) is of great importance.     <\/p>\n<\/p>\n<p>Regular further post-graduate training and education is our duty and responsibility, but also something we like to do very much for the well-being of our patients. <\/p>\n<\/p>\n<p>Empathy and friendliness towards patients and their relatives is very important to us. We want everybody to feel comfortable in our practice. For the children, we pay special attention to a child-friendly atmosphere.  <\/p>\n<\/p>\n<p>We care for a respectful and appreciating atmosphere in our team. The professional and personal development of our staff is something which is close to our hearts. <\/p>\n<\/div>\n\t\t\t\t<\/div>\n\t\t\t\t\t\t\t\t<\/div>\n\t\t\t\t\t\t<\/div>\n\t\t\t\t<\/div>\n\t\t\t\t\t<\/div>\n\t\t<\/div>\n\t\t\t\t\t<\/div>\n\t\t<\/section>\n\t\t\t\t<section class=\"elementor-section elementor-top-section elementor-element elementor-element-66e809a elementor-section-boxed elementor-section-height-default elementor-section-height-default\" data-id=\"66e809a\" data-element_type=\"section\" data-e-type=\"section\" data-settings=\"{&quot;background_background&quot;:&quot;classic&quot;}\">\n\t\t\t\t\t\t<div class=\"elementor-container elementor-column-gap-default\">\n\t\t\t\t\t<div class=\"elementor-column elementor-col-100 elementor-top-column elementor-element elementor-element-05015fc\" data-id=\"05015fc\" data-element_type=\"column\" data-e-type=\"column\">\n\t\t\t<div class=\"elementor-widget-wrap elementor-element-populated\">\n\t\t\t\t\t\t<div class=\"elementor-element elementor-element-361e42a animated-slow elementor-invisible elementor-widget elementor-widget-heading\" data-id=\"361e42a\" data-element_type=\"widget\" data-e-type=\"widget\" data-settings=\"{&quot;_animation&quot;:&quot;fadeInUp&quot;}\" data-widget_type=\"heading.default\">\n\t\t\t\t<div class=\"elementor-widget-container\">\n\t\t\t\t\t<h5 class=\"elementor-heading-title elementor-size-default\">Our Team<\/h5>\t\t\t\t<\/div>\n\t\t\t\t<\/div>\n\t\t\t\t<div class=\"elementor-element elementor-element-3339120 elementor-widget elementor-widget-heading\" data-id=\"3339120\" data-element_type=\"widget\" data-e-type=\"widget\" data-widget_type=\"heading.default\">\n\t\t\t\t<div class=\"elementor-widget-container\">\n\t\t\t\t\t<h2 class=\"elementor-heading-title elementor-size-default\">Our Team<\/h2>\t\t\t\t<\/div>\n\t\t\t\t<\/div>\n\t\t\t\t<div class=\"elementor-element elementor-element-49bd4e9 elementor-widget elementor-widget-text-editor\" data-id=\"49bd4e9\" data-element_type=\"widget\" data-e-type=\"widget\" data-widget_type=\"text-editor.default\">\n\t\t\t\t<div class=\"elementor-widget-container\">\n\t\t\t\t\t\t\t\t\t<p>We see ourselves as a team. Together we want to achieve the best medical results for our patients. <\/p>\t\t\t\t\t\t\t\t<\/div>\n\t\t\t\t<\/div>\n\t\t\t\t<div class=\"elementor-element elementor-element-e8625b8 elementor-widget elementor-widget-heading\" data-id=\"e8625b8\" data-element_type=\"widget\" data-e-type=\"widget\" data-widget_type=\"heading.default\">\n\t\t\t\t<div class=\"elementor-widget-container\">\n\t\t\t\t\t<h3 class=\"elementor-heading-title elementor-size-default\">Our doctors<\/h3>\t\t\t\t<\/div>\n\t\t\t\t<\/div>\n\t\t\t\t<section class=\"elementor-section elementor-inner-section elementor-element elementor-element-b54e04f elementor-section-height-min-height elementor-section-boxed elementor-section-height-default\" data-id=\"b54e04f\" data-element_type=\"section\" data-e-type=\"section\">\n\t\t\t\t\t\t<div class=\"elementor-container elementor-column-gap-no\">\n\t\t\t\t\t<div class=\"elementor-column elementor-col-25 elementor-inner-column elementor-element elementor-element-2fe8125\" data-id=\"2fe8125\" data-element_type=\"column\" data-e-type=\"column\">\n\t\t\t<div class=\"elementor-widget-wrap\">\n\t\t\t\t\t\t\t<\/div>\n\t\t<\/div>\n\t\t\t\t<div class=\"elementor-column elementor-col-25 elementor-inner-column elementor-element elementor-element-bd514fc\" data-id=\"bd514fc\" data-element_type=\"column\" data-e-type=\"column\">\n\t\t\t<div class=\"elementor-widget-wrap elementor-element-populated\">\n\t\t\t\t\t\t<div class=\"elementor-element elementor-element-caeb078 elementor-widget elementor-widget-jkit_team\" data-id=\"caeb078\" data-element_type=\"widget\" data-e-type=\"widget\" data-widget_type=\"jkit_team.default\">\n\t\t\t\t<div class=\"elementor-widget-container\">\n\t\t\t\t\t<div  class=\"jeg-elementor-kit jkit-team style-overlay overlay-bottom jeg_module__1_69f5aba94a5a0\" ><div class=\"profile-card \"><img fetchpriority=\"high\" decoding=\"async\" width=\"864\" height=\"1329\" src=\"https:\/\/augen-arzt-praxis.ch\/wp-content\/uploads\/2023\/03\/H3A7247-Hohermuth-e1767981371717.jpg\" class=\"attachment-full size-full\" alt=\"Dr. med. Simone E. Hohermuth\" url=\"https:\/\/augen-arzt-praxis.ch\/wp-content\/uploads\/2023\/03\/H3A7247-Hohermuth-e1767981371717.jpg\" source=\"library\" srcset=\"https:\/\/augen-arzt-praxis.ch\/wp-content\/uploads\/2023\/03\/H3A7247-Hohermuth-e1767981371717.jpg 864w, https:\/\/augen-arzt-praxis.ch\/wp-content\/uploads\/2023\/03\/H3A7247-Hohermuth-e1767981371717-195x300.jpg 195w, https:\/\/augen-arzt-praxis.ch\/wp-content\/uploads\/2023\/03\/H3A7247-Hohermuth-e1767981371717-666x1024.jpg 666w, https:\/\/augen-arzt-praxis.ch\/wp-content\/uploads\/2023\/03\/H3A7247-Hohermuth-e1767981371717-768x1181.jpg 768w\" sizes=\"(max-width: 864px) 100vw, 864px\" \/>\n                <div class=\"hover-area alignment-bottom\"><div class=\"profile-body\">\n                <h3 class=\"profile-title\">Dr. med. Simone E. Hohermuth<\/h3>\n                <p class=\"profile-designation\">Fach\u00e4rztin f\u00fcr Ophthalmologie \u00c4rztliche Leitung<\/p>\n                \n                <ul class=\"social-list\"><\/ul>\n            <\/div><\/div>\n            <\/div><\/div>\t\t\t\t<\/div>\n\t\t\t\t<\/div>\n\t\t\t\t<div class=\"elementor-element elementor-element-8c9ca3b elementor-align-center elementor-icon-list--layout-traditional elementor-list-item-link-full_width elementor-widget elementor-widget-icon-list\" data-id=\"8c9ca3b\" data-element_type=\"widget\" data-e-type=\"widget\" data-widget_type=\"icon-list.default\">\n\t\t\t\t<div class=\"elementor-widget-container\">\n\t\t\t\t\t\t\t<ul class=\"elementor-icon-list-items\">\n\t\t\t\t\t\t\t<li class=\"elementor-icon-list-item\">\n\t\t\t\t\t\t\t\t\t\t\t<a href=\"https:\/\/augen-arzt-praxis.ch\/wp-content\/uploads\/2023\/04\/230413_CV-SH-mit-Logo.pdf\" target=\"_blank\">\n\n\t\t\t\t\t\t\t\t\t\t\t\t<span class=\"elementor-icon-list-icon\">\n\t\t\t\t\t\t\t<i aria-hidden=\"true\" class=\"jki jki-document-light\"><\/i>\t\t\t\t\t\t<\/span>\n\t\t\t\t\t\t\t\t\t\t<span class=\"elementor-icon-list-text\">View CV<\/span>\n\t\t\t\t\t\t\t\t\t\t\t<\/a>\n\t\t\t\t\t\t\t\t\t<\/li>\n\t\t\t\t\t\t<\/ul>\n\t\t\t\t\t\t<\/div>\n\t\t\t\t<\/div>\n\t\t\t\t\t<\/div>\n\t\t<\/div>\n\t\t\t\t<div class=\"elementor-column elementor-col-25 elementor-inner-column elementor-element elementor-element-735738f\" data-id=\"735738f\" data-element_type=\"column\" data-e-type=\"column\">\n\t\t\t<div class=\"elementor-widget-wrap elementor-element-populated\">\n\t\t\t\t\t\t<div class=\"elementor-element elementor-element-751cba2 elementor-widget elementor-widget-jkit_team\" data-id=\"751cba2\" data-element_type=\"widget\" data-e-type=\"widget\" data-widget_type=\"jkit_team.default\">\n\t\t\t\t<div class=\"elementor-widget-container\">\n\t\t\t\t\t<div  class=\"jeg-elementor-kit jkit-team style-overlay overlay-bottom jeg_module__2_69f5aba94b417\" ><div class=\"profile-card \"><img decoding=\"async\" width=\"670\" height=\"1040\" src=\"https:\/\/augen-arzt-praxis.ch\/wp-content\/uploads\/2026\/01\/0329_Augenarztpraxis_Einzelportrait_390_jenny.jpg\" class=\"attachment-full size-full\" alt=\"Dr. med. Jenny R\u00fcegg-Giersch\" url=\"https:\/\/augen-arzt-praxis.ch\/wp-content\/uploads\/2026\/01\/0329_Augenarztpraxis_Einzelportrait_390_jenny.jpg\" source=\"library\" srcset=\"https:\/\/augen-arzt-praxis.ch\/wp-content\/uploads\/2026\/01\/0329_Augenarztpraxis_Einzelportrait_390_jenny.jpg 670w, https:\/\/augen-arzt-praxis.ch\/wp-content\/uploads\/2026\/01\/0329_Augenarztpraxis_Einzelportrait_390_jenny-193x300.jpg 193w, https:\/\/augen-arzt-praxis.ch\/wp-content\/uploads\/2026\/01\/0329_Augenarztpraxis_Einzelportrait_390_jenny-660x1024.jpg 660w\" sizes=\"(max-width: 670px) 100vw, 670px\" \/>\n                <div class=\"hover-area alignment-bottom\"><div class=\"profile-body\">\n                <h3 class=\"profile-title\">Dr. med. Jenny R\u00fcegg-Giersch<\/h3>\n                <p class=\"profile-designation\">Fach\u00e4rztin f\u00fcr Ophthalmologie \u00c4rztliche Leitung<\/p>\n                \n                <ul class=\"social-list\"><\/ul>\n            <\/div><\/div>\n            <\/div><\/div>\t\t\t\t<\/div>\n\t\t\t\t<\/div>\n\t\t\t\t<div class=\"elementor-element elementor-element-a93e64e elementor-align-center elementor-icon-list--layout-traditional elementor-list-item-link-full_width elementor-widget elementor-widget-icon-list\" data-id=\"a93e64e\" data-element_type=\"widget\" data-e-type=\"widget\" data-widget_type=\"icon-list.default\">\n\t\t\t\t<div class=\"elementor-widget-container\">\n\t\t\t\t\t\t\t<ul class=\"elementor-icon-list-items\">\n\t\t\t\t\t\t\t<li class=\"elementor-icon-list-item\">\n\t\t\t\t\t\t\t\t\t\t\t<a href=\"https:\/\/augen-arzt-praxis.ch\/wp-content\/uploads\/2025\/09\/Rueegg_CV-neu.pdf\" target=\"_blank\">\n\n\t\t\t\t\t\t\t\t\t\t\t\t<span class=\"elementor-icon-list-icon\">\n\t\t\t\t\t\t\t<i aria-hidden=\"true\" class=\"jki jki-document-light\"><\/i>\t\t\t\t\t\t<\/span>\n\t\t\t\t\t\t\t\t\t\t<span class=\"elementor-icon-list-text\">View CV<\/span>\n\t\t\t\t\t\t\t\t\t\t\t<\/a>\n\t\t\t\t\t\t\t\t\t<\/li>\n\t\t\t\t\t\t<\/ul>\n\t\t\t\t\t\t<\/div>\n\t\t\t\t<\/div>\n\t\t\t\t\t<\/div>\n\t\t<\/div>\n\t\t\t\t<div class=\"elementor-column elementor-col-25 elementor-inner-column elementor-element elementor-element-b33410e\" data-id=\"b33410e\" data-element_type=\"column\" data-e-type=\"column\">\n\t\t\t<div class=\"elementor-widget-wrap\">\n\t\t\t\t\t\t\t<\/div>\n\t\t<\/div>\n\t\t\t\t\t<\/div>\n\t\t<\/section>\n\t\t\t\t<div class=\"elementor-element elementor-element-88f01d1 elementor-widget elementor-widget-heading\" data-id=\"88f01d1\" data-element_type=\"widget\" data-e-type=\"widget\" data-widget_type=\"heading.default\">\n\t\t\t\t<div class=\"elementor-widget-container\">\n\t\t\t\t\t<h2 class=\"elementor-heading-title elementor-size-default\">Our orthoptists<\/h2>\t\t\t\t<\/div>\n\t\t\t\t<\/div>\n\t\t\t\t<section class=\"elementor-section elementor-inner-section elementor-element elementor-element-3b3b272 elementor-section-boxed elementor-section-height-default elementor-section-height-default\" data-id=\"3b3b272\" data-element_type=\"section\" data-e-type=\"section\">\n\t\t\t\t\t\t<div class=\"elementor-container elementor-column-gap-no\">\n\t\t\t\t\t<div class=\"elementor-column elementor-col-33 elementor-inner-column elementor-element elementor-element-0ef24e3\" data-id=\"0ef24e3\" data-element_type=\"column\" data-e-type=\"column\">\n\t\t\t<div class=\"elementor-widget-wrap elementor-element-populated\">\n\t\t\t\t\t\t<div class=\"elementor-element elementor-element-49ecb4f elementor-widget elementor-widget-jkit_team\" data-id=\"49ecb4f\" data-element_type=\"widget\" data-e-type=\"widget\" data-widget_type=\"jkit_team.default\">\n\t\t\t\t<div class=\"elementor-widget-container\">\n\t\t\t\t\t<div  class=\"jeg-elementor-kit jkit-team style-overlay overlay-bottom jeg_module__3_69f5aba94c065\" ><div class=\"profile-card \"><img decoding=\"async\" width=\"670\" height=\"1040\" src=\"https:\/\/augen-arzt-praxis.ch\/wp-content\/uploads\/2026\/01\/0329_Augenarztpraxis_Einzelportrait_217_andrea.jpg\" class=\"attachment-2048x2048 size-2048x2048\" alt=\"Andrea B\u00fccheler\" url=\"https:\/\/augen-arzt-praxis.ch\/wp-content\/uploads\/2026\/01\/0329_Augenarztpraxis_Einzelportrait_217_andrea.jpg\" source=\"library\" srcset=\"https:\/\/augen-arzt-praxis.ch\/wp-content\/uploads\/2026\/01\/0329_Augenarztpraxis_Einzelportrait_217_andrea.jpg 670w, https:\/\/augen-arzt-praxis.ch\/wp-content\/uploads\/2026\/01\/0329_Augenarztpraxis_Einzelportrait_217_andrea-193x300.jpg 193w, https:\/\/augen-arzt-praxis.ch\/wp-content\/uploads\/2026\/01\/0329_Augenarztpraxis_Einzelportrait_217_andrea-660x1024.jpg 660w\" sizes=\"(max-width: 670px) 100vw, 670px\" \/>\n                <div class=\"hover-area alignment-bottom\"><div class=\"profile-body\">\n                <h3 class=\"profile-title\">Andrea B\u00fccheler<\/h3>\n                <p class=\"profile-designation\">Dipl. Orthoptistin HF<\/p>\n                <p class=\"profile-content\">Deutsch, Englisch, Italienisch<\/p>\n                <ul class=\"social-list\"><\/ul>\n            <\/div><\/div>\n            <\/div><\/div>\t\t\t\t<\/div>\n\t\t\t\t<\/div>\n\t\t\t\t\t<\/div>\n\t\t<\/div>\n\t\t\t\t<div class=\"elementor-column elementor-col-33 elementor-inner-column elementor-element elementor-element-d37d2f2\" data-id=\"d37d2f2\" data-element_type=\"column\" data-e-type=\"column\">\n\t\t\t<div class=\"elementor-widget-wrap elementor-element-populated\">\n\t\t\t\t\t\t<div class=\"elementor-element elementor-element-104d291 elementor-widget elementor-widget-jkit_team\" data-id=\"104d291\" data-element_type=\"widget\" data-e-type=\"widget\" data-widget_type=\"jkit_team.default\">\n\t\t\t\t<div class=\"elementor-widget-container\">\n\t\t\t\t\t<div  class=\"jeg-elementor-kit jkit-team style-overlay overlay-bottom jeg_module__4_69f5aba94cbef\" ><div class=\"profile-card \"><img loading=\"lazy\" decoding=\"async\" width=\"660\" height=\"1024\" src=\"https:\/\/augen-arzt-praxis.ch\/wp-content\/uploads\/2026\/01\/0329_Augenarztpraxis_Einzelportrait_258_michele-660x1024.jpg\" class=\"attachment-large size-large\" alt=\"Mich\u00e8le Dietliker\" url=\"https:\/\/augen-arzt-praxis.ch\/wp-content\/uploads\/2026\/01\/0329_Augenarztpraxis_Einzelportrait_258_michele.jpg\" source=\"library\" srcset=\"https:\/\/augen-arzt-praxis.ch\/wp-content\/uploads\/2026\/01\/0329_Augenarztpraxis_Einzelportrait_258_michele-660x1024.jpg 660w, https:\/\/augen-arzt-praxis.ch\/wp-content\/uploads\/2026\/01\/0329_Augenarztpraxis_Einzelportrait_258_michele-193x300.jpg 193w, https:\/\/augen-arzt-praxis.ch\/wp-content\/uploads\/2026\/01\/0329_Augenarztpraxis_Einzelportrait_258_michele.jpg 670w\" sizes=\"(max-width: 660px) 100vw, 660px\" \/>\n                <div class=\"hover-area alignment-bottom\"><div class=\"profile-body\">\n                <h3 class=\"profile-title\">Mich\u00e8le Dietliker<\/h3>\n                <p class=\"profile-designation\">Dipl. Orthoptistin HF \/ Optikerin<\/p>\n                <p class=\"profile-content\">Deutsch, Englisch<\/p>\n                <ul class=\"social-list\"><\/ul>\n            <\/div><\/div>\n            <\/div><\/div>\t\t\t\t<\/div>\n\t\t\t\t<\/div>\n\t\t\t\t\t<\/div>\n\t\t<\/div>\n\t\t\t\t<div class=\"elementor-column elementor-col-33 elementor-inner-column elementor-element elementor-element-4bac231\" data-id=\"4bac231\" data-element_type=\"column\" data-e-type=\"column\">\n\t\t\t<div class=\"elementor-widget-wrap elementor-element-populated\">\n\t\t\t\t\t\t<div class=\"elementor-element elementor-element-c20c213 elementor-widget elementor-widget-jkit_team\" data-id=\"c20c213\" data-element_type=\"widget\" data-e-type=\"widget\" data-widget_type=\"jkit_team.default\">\n\t\t\t\t<div class=\"elementor-widget-container\">\n\t\t\t\t\t<div  class=\"jeg-elementor-kit jkit-team style-overlay overlay-bottom jeg_module__5_69f5aba94d807\" ><div class=\"profile-card \"><img loading=\"lazy\" decoding=\"async\" width=\"660\" height=\"1024\" src=\"https:\/\/augen-arzt-praxis.ch\/wp-content\/uploads\/2026\/01\/0329_Augenarztpraxis_Einzelportrait_303_corinne-660x1024.jpg\" class=\"attachment-large size-large\" alt=\"Corinne Weber\" url=\"https:\/\/augen-arzt-praxis.ch\/wp-content\/uploads\/2026\/01\/0329_Augenarztpraxis_Einzelportrait_303_corinne.jpg\" source=\"library\" srcset=\"https:\/\/augen-arzt-praxis.ch\/wp-content\/uploads\/2026\/01\/0329_Augenarztpraxis_Einzelportrait_303_corinne-660x1024.jpg 660w, https:\/\/augen-arzt-praxis.ch\/wp-content\/uploads\/2026\/01\/0329_Augenarztpraxis_Einzelportrait_303_corinne-193x300.jpg 193w, https:\/\/augen-arzt-praxis.ch\/wp-content\/uploads\/2026\/01\/0329_Augenarztpraxis_Einzelportrait_303_corinne.jpg 670w\" sizes=\"(max-width: 660px) 100vw, 660px\" \/>\n                <div class=\"hover-area alignment-bottom\"><div class=\"profile-body\">\n                <h3 class=\"profile-title\">Corinne Weber<\/h3>\n                <p class=\"profile-designation\">Dipl. Orthoptistin HF \/ Optikerin<\/p>\n                <p class=\"profile-content\">Deutsch, Englisch, Franz\u00f6sisch<\/p>\n                <ul class=\"social-list\"><\/ul>\n            <\/div><\/div>\n            <\/div><\/div>\t\t\t\t<\/div>\n\t\t\t\t<\/div>\n\t\t\t\t\t<\/div>\n\t\t<\/div>\n\t\t\t\t\t<\/div>\n\t\t<\/section>\n\t\t\t\t<div class=\"elementor-element elementor-element-f1e5ddf elementor-widget elementor-widget-heading\" data-id=\"f1e5ddf\" data-element_type=\"widget\" data-e-type=\"widget\" data-widget_type=\"heading.default\">\n\t\t\t\t<div class=\"elementor-widget-container\">\n\t\t\t\t\t<h2 class=\"elementor-heading-title elementor-size-default\">Our practice assistants<\/h2>\t\t\t\t<\/div>\n\t\t\t\t<\/div>\n\t\t\t\t<section class=\"elementor-section elementor-inner-section elementor-element elementor-element-05ad75a elementor-section-boxed elementor-section-height-default elementor-section-height-default\" data-id=\"05ad75a\" data-element_type=\"section\" data-e-type=\"section\">\n\t\t\t\t\t\t<div class=\"elementor-container elementor-column-gap-no\">\n\t\t\t\t\t<div class=\"elementor-column elementor-col-33 elementor-inner-column elementor-element elementor-element-8b457b8\" data-id=\"8b457b8\" data-element_type=\"column\" data-e-type=\"column\">\n\t\t\t<div class=\"elementor-widget-wrap elementor-element-populated\">\n\t\t\t\t\t\t<div class=\"elementor-element elementor-element-3951cdc elementor-widget elementor-widget-jkit_team\" data-id=\"3951cdc\" data-element_type=\"widget\" data-e-type=\"widget\" data-widget_type=\"jkit_team.default\">\n\t\t\t\t<div class=\"elementor-widget-container\">\n\t\t\t\t\t<div  class=\"jeg-elementor-kit jkit-team style-overlay overlay-scale jeg_module__6_69f5aba94e3f2\" ><div class=\"profile-card \"><img loading=\"lazy\" decoding=\"async\" width=\"670\" height=\"1040\" src=\"https:\/\/augen-arzt-praxis.ch\/wp-content\/uploads\/2026\/01\/0329_Augenarztpraxis_Einzelportrait_096_amanda.jpg\" class=\"attachment-full size-full\" alt=\"Amanda Jamal\" url=\"https:\/\/augen-arzt-praxis.ch\/wp-content\/uploads\/2026\/01\/0329_Augenarztpraxis_Einzelportrait_096_amanda.jpg\" source=\"library\" srcset=\"https:\/\/augen-arzt-praxis.ch\/wp-content\/uploads\/2026\/01\/0329_Augenarztpraxis_Einzelportrait_096_amanda.jpg 670w, https:\/\/augen-arzt-praxis.ch\/wp-content\/uploads\/2026\/01\/0329_Augenarztpraxis_Einzelportrait_096_amanda-193x300.jpg 193w, https:\/\/augen-arzt-praxis.ch\/wp-content\/uploads\/2026\/01\/0329_Augenarztpraxis_Einzelportrait_096_amanda-660x1024.jpg 660w\" sizes=\"(max-width: 670px) 100vw, 670px\" \/>\n                <div class=\"hover-area alignment-bottom\"><div class=\"profile-body\">\n                <h3 class=\"profile-title\">Amanda Jamal<\/h3>\n                <p class=\"profile-designation\">Arztsekret\u00e4rin <\/p>\n                <p class=\"profile-content\">Deutsch, Englisch, Arabisch<\/p>\n                <ul class=\"social-list\"><\/ul>\n            <\/div><\/div>\n            <\/div><\/div>\t\t\t\t<\/div>\n\t\t\t\t<\/div>\n\t\t\t\t\t<\/div>\n\t\t<\/div>\n\t\t\t\t<div class=\"elementor-column elementor-col-33 elementor-inner-column elementor-element elementor-element-63d4c1a\" data-id=\"63d4c1a\" data-element_type=\"column\" data-e-type=\"column\">\n\t\t\t<div class=\"elementor-widget-wrap elementor-element-populated\">\n\t\t\t\t\t\t<div class=\"elementor-element elementor-element-b83823c elementor-widget elementor-widget-jkit_team\" data-id=\"b83823c\" data-element_type=\"widget\" data-e-type=\"widget\" data-widget_type=\"jkit_team.default\">\n\t\t\t\t<div class=\"elementor-widget-container\">\n\t\t\t\t\t<div  class=\"jeg-elementor-kit jkit-team style-overlay overlay-scale jeg_module__7_69f5aba94ef58\" ><div class=\"profile-card \"><img loading=\"lazy\" decoding=\"async\" width=\"670\" height=\"1040\" src=\"https:\/\/augen-arzt-praxis.ch\/wp-content\/uploads\/2026\/01\/0329_Augenarztpraxis_Einzelportrait_330_franziska.jpg\" class=\"attachment-full size-full\" alt=\"Franziska Poppe\" url=\"https:\/\/augen-arzt-praxis.ch\/wp-content\/uploads\/2026\/01\/0329_Augenarztpraxis_Einzelportrait_330_franziska.jpg\" source=\"library\" srcset=\"https:\/\/augen-arzt-praxis.ch\/wp-content\/uploads\/2026\/01\/0329_Augenarztpraxis_Einzelportrait_330_franziska.jpg 670w, https:\/\/augen-arzt-praxis.ch\/wp-content\/uploads\/2026\/01\/0329_Augenarztpraxis_Einzelportrait_330_franziska-193x300.jpg 193w, https:\/\/augen-arzt-praxis.ch\/wp-content\/uploads\/2026\/01\/0329_Augenarztpraxis_Einzelportrait_330_franziska-660x1024.jpg 660w\" sizes=\"(max-width: 670px) 100vw, 670px\" \/>\n                <div class=\"hover-area alignment-bottom\"><div class=\"profile-body\">\n                <h3 class=\"profile-title\">Franziska Poppe<\/h3>\n                <p class=\"profile-designation\">Arztsekret\u00e4rin<\/p>\n                <p class=\"profile-content\">Deutsch, Englisch, Franz\u00f6sisch, Italienisch<\/p>\n                <ul class=\"social-list\"><\/ul>\n            <\/div><\/div>\n            <\/div><\/div>\t\t\t\t<\/div>\n\t\t\t\t<\/div>\n\t\t\t\t\t<\/div>\n\t\t<\/div>\n\t\t\t\t<div class=\"elementor-column elementor-col-33 elementor-inner-column elementor-element elementor-element-19bac2a\" data-id=\"19bac2a\" data-element_type=\"column\" data-e-type=\"column\">\n\t\t\t<div class=\"elementor-widget-wrap elementor-element-populated\">\n\t\t\t\t\t\t<div class=\"elementor-element elementor-element-56bd609 elementor-widget elementor-widget-jkit_team\" data-id=\"56bd609\" data-element_type=\"widget\" data-e-type=\"widget\" data-widget_type=\"jkit_team.default\">\n\t\t\t\t<div class=\"elementor-widget-container\">\n\t\t\t\t\t<div  class=\"jeg-elementor-kit jkit-team style-overlay overlay-scale jeg_module__8_69f5aba94faa8\" ><div class=\"profile-card \"><img loading=\"lazy\" decoding=\"async\" width=\"670\" height=\"1040\" src=\"https:\/\/augen-arzt-praxis.ch\/wp-content\/uploads\/2026\/01\/0329_Augenarztpraxis_Einzelportrait_036_gerda.jpg\" class=\"attachment-full size-full\" alt=\"Gerda Schlingmann\" url=\"https:\/\/augen-arzt-praxis.ch\/wp-content\/uploads\/2026\/01\/0329_Augenarztpraxis_Einzelportrait_036_gerda.jpg\" source=\"library\" srcset=\"https:\/\/augen-arzt-praxis.ch\/wp-content\/uploads\/2026\/01\/0329_Augenarztpraxis_Einzelportrait_036_gerda.jpg 670w, https:\/\/augen-arzt-praxis.ch\/wp-content\/uploads\/2026\/01\/0329_Augenarztpraxis_Einzelportrait_036_gerda-193x300.jpg 193w, https:\/\/augen-arzt-praxis.ch\/wp-content\/uploads\/2026\/01\/0329_Augenarztpraxis_Einzelportrait_036_gerda-660x1024.jpg 660w\" sizes=\"(max-width: 670px) 100vw, 670px\" \/>\n                <div class=\"hover-area alignment-bottom\"><div class=\"profile-body\">\n                <h3 class=\"profile-title\">Gerda Schlingmann<\/h3>\n                <p class=\"profile-designation\">Arztsekrekt\u00e4rin<\/p>\n                <p class=\"profile-content\">Deutsch, Englisch, Spanisch<\/p>\n                <ul class=\"social-list\"><\/ul>\n            <\/div><\/div>\n            <\/div><\/div>\t\t\t\t<\/div>\n\t\t\t\t<\/div>\n\t\t\t\t\t<\/div>\n\t\t<\/div>\n\t\t\t\t\t<\/div>\n\t\t<\/section>\n\t\t\t\t\t<\/div>\n\t\t<\/div>\n\t\t\t\t\t<\/div>\n\t\t<\/section>\n\t\t\t\t<section class=\"elementor-section elementor-top-section elementor-element elementor-element-8a264b0 elementor-section-boxed elementor-section-height-default elementor-section-height-default\" data-id=\"8a264b0\" data-element_type=\"section\" data-e-type=\"section\" data-settings=\"{&quot;background_background&quot;:&quot;classic&quot;}\">\n\t\t\t\t\t\t<div class=\"elementor-container elementor-column-gap-default\">\n\t\t\t\t\t<div class=\"elementor-column elementor-col-100 elementor-top-column elementor-element elementor-element-6e0257e\" data-id=\"6e0257e\" data-element_type=\"column\" data-e-type=\"column\">\n\t\t\t<div class=\"elementor-widget-wrap elementor-element-populated\">\n\t\t\t\t\t\t<div class=\"elementor-element elementor-element-d056557 elementor-widget elementor-widget-menu-anchor\" data-id=\"d056557\" data-element_type=\"widget\" data-e-type=\"widget\" data-widget_type=\"menu-anchor.default\">\n\t\t\t\t<div class=\"elementor-widget-container\">\n\t\t\t\t\t\t\t<div class=\"elementor-menu-anchor\" id=\"Impressions\"><\/div>\n\t\t\t\t\t\t<\/div>\n\t\t\t\t<\/div>\n\t\t\t\t<div class=\"elementor-element elementor-element-e2ff360 animated-slow elementor-invisible elementor-widget elementor-widget-heading\" data-id=\"e2ff360\" data-element_type=\"widget\" data-e-type=\"widget\" data-settings=\"{&quot;_animation&quot;:&quot;fadeInUp&quot;}\" data-widget_type=\"heading.default\">\n\t\t\t\t<div class=\"elementor-widget-container\">\n\t\t\t\t\t<h5 class=\"elementor-heading-title elementor-size-default\">Impressions<\/h5>\t\t\t\t<\/div>\n\t\t\t\t<\/div>\n\t\t\t\t<div class=\"elementor-element elementor-element-2289d53 elementor-widget elementor-widget-heading\" data-id=\"2289d53\" data-element_type=\"widget\" data-e-type=\"widget\" data-widget_type=\"heading.default\">\n\t\t\t\t<div class=\"elementor-widget-container\">\n\t\t\t\t\t<h2 class=\"elementor-heading-title elementor-size-default\">Impressions of our practice<\/h2>\t\t\t\t<\/div>\n\t\t\t\t<\/div>\n\t\t\t\t<div class=\"elementor-element elementor-element-49a9041 elementor-hidden-tablet elementor-hidden-mobile elementor-widget elementor-widget-spacer\" data-id=\"49a9041\" data-element_type=\"widget\" data-e-type=\"widget\" data-widget_type=\"spacer.default\">\n\t\t\t\t<div class=\"elementor-widget-container\">\n\t\t\t\t\t\t\t<div class=\"elementor-spacer\">\n\t\t\t<div class=\"elementor-spacer-inner\"><\/div>\n\t\t<\/div>\n\t\t\t\t\t\t<\/div>\n\t\t\t\t<\/div>\n\t\t\t\t<div class=\"elementor-element elementor-element-31fa0c1 gallery-spacing-custom elementor-widget elementor-widget-image-gallery\" data-id=\"31fa0c1\" data-element_type=\"widget\" data-e-type=\"widget\" data-widget_type=\"image-gallery.default\">\n\t\t\t\t<div class=\"elementor-widget-container\">\n\t\t\t\t\t\t\t<div class=\"elementor-image-gallery\">\n\t\t\t<div id='gallery-1' class='gallery galleryid-2511 gallery-columns-2 gallery-size-large'><figure class='gallery-item'>\n\t\t\t<div class='gallery-icon portrait'>\n\t\t\t\t<a data-elementor-open-lightbox=\"no\" href='https:\/\/augen-arzt-praxis.ch\/wp-content\/uploads\/2023\/03\/H3A5307-scaled.jpg'><img loading=\"lazy\" decoding=\"async\" width=\"683\" height=\"1024\" src=\"https:\/\/augen-arzt-praxis.ch\/wp-content\/uploads\/2023\/03\/H3A5307-683x1024.jpg\" class=\"attachment-large size-large\" alt=\"\" srcset=\"https:\/\/augen-arzt-praxis.ch\/wp-content\/uploads\/2023\/03\/H3A5307-683x1024.jpg 683w, https:\/\/augen-arzt-praxis.ch\/wp-content\/uploads\/2023\/03\/H3A5307-200x300.jpg 200w, https:\/\/augen-arzt-praxis.ch\/wp-content\/uploads\/2023\/03\/H3A5307-768x1152.jpg 768w, https:\/\/augen-arzt-praxis.ch\/wp-content\/uploads\/2023\/03\/H3A5307-1024x1536.jpg 1024w, https:\/\/augen-arzt-praxis.ch\/wp-content\/uploads\/2023\/03\/H3A5307-1365x2048.jpg 1365w, https:\/\/augen-arzt-praxis.ch\/wp-content\/uploads\/2023\/03\/H3A5307-scaled.jpg 1707w\" sizes=\"(max-width: 683px) 100vw, 683px\" \/><\/a>\n\t\t\t<\/div><\/figure><figure class='gallery-item'>\n\t\t\t<div class='gallery-icon portrait'>\n\t\t\t\t<a data-elementor-open-lightbox=\"no\" href='https:\/\/augen-arzt-praxis.ch\/wp-content\/uploads\/2023\/03\/H3A7040-scaled.jpg'><img loading=\"lazy\" decoding=\"async\" width=\"683\" height=\"1024\" src=\"https:\/\/augen-arzt-praxis.ch\/wp-content\/uploads\/2023\/03\/H3A7040-683x1024.jpg\" class=\"attachment-large size-large\" alt=\"\" srcset=\"https:\/\/augen-arzt-praxis.ch\/wp-content\/uploads\/2023\/03\/H3A7040-683x1024.jpg 683w, https:\/\/augen-arzt-praxis.ch\/wp-content\/uploads\/2023\/03\/H3A7040-200x300.jpg 200w, https:\/\/augen-arzt-praxis.ch\/wp-content\/uploads\/2023\/03\/H3A7040-768x1152.jpg 768w, https:\/\/augen-arzt-praxis.ch\/wp-content\/uploads\/2023\/03\/H3A7040-1024x1536.jpg 1024w, https:\/\/augen-arzt-praxis.ch\/wp-content\/uploads\/2023\/03\/H3A7040-1365x2048.jpg 1365w, https:\/\/augen-arzt-praxis.ch\/wp-content\/uploads\/2023\/03\/H3A7040-scaled.jpg 1707w\" sizes=\"(max-width: 683px) 100vw, 683px\" \/><\/a>\n\t\t\t<\/div><\/figure><figure class='gallery-item'>\n\t\t\t<div class='gallery-icon landscape'>\n\t\t\t\t<a data-elementor-open-lightbox=\"no\" href='https:\/\/augen-arzt-praxis.ch\/wp-content\/uploads\/2023\/03\/H3A7489-1-scaled.jpg'><img loading=\"lazy\" decoding=\"async\" width=\"800\" height=\"534\" src=\"https:\/\/augen-arzt-praxis.ch\/wp-content\/uploads\/2023\/03\/H3A7489-1-1024x683.jpg\" class=\"attachment-large size-large\" alt=\"\" srcset=\"https:\/\/augen-arzt-praxis.ch\/wp-content\/uploads\/2023\/03\/H3A7489-1-1024x683.jpg 1024w, https:\/\/augen-arzt-praxis.ch\/wp-content\/uploads\/2023\/03\/H3A7489-1-300x200.jpg 300w, https:\/\/augen-arzt-praxis.ch\/wp-content\/uploads\/2023\/03\/H3A7489-1-768x512.jpg 768w, https:\/\/augen-arzt-praxis.ch\/wp-content\/uploads\/2023\/03\/H3A7489-1-1536x1024.jpg 1536w, https:\/\/augen-arzt-praxis.ch\/wp-content\/uploads\/2023\/03\/H3A7489-1-2048x1365.jpg 2048w\" sizes=\"(max-width: 800px) 100vw, 800px\" \/><\/a>\n\t\t\t<\/div><\/figure><figure class='gallery-item'>\n\t\t\t<div class='gallery-icon landscape'>\n\t\t\t\t<a data-elementor-open-lightbox=\"no\" href='https:\/\/augen-arzt-praxis.ch\/wp-content\/uploads\/2023\/03\/H3A7500-1-scaled.jpg'><img loading=\"lazy\" decoding=\"async\" width=\"800\" height=\"534\" src=\"https:\/\/augen-arzt-praxis.ch\/wp-content\/uploads\/2023\/03\/H3A7500-1-1024x683.jpg\" class=\"attachment-large size-large\" alt=\"\" srcset=\"https:\/\/augen-arzt-praxis.ch\/wp-content\/uploads\/2023\/03\/H3A7500-1-1024x683.jpg 1024w, https:\/\/augen-arzt-praxis.ch\/wp-content\/uploads\/2023\/03\/H3A7500-1-300x200.jpg 300w, https:\/\/augen-arzt-praxis.ch\/wp-content\/uploads\/2023\/03\/H3A7500-1-768x512.jpg 768w, https:\/\/augen-arzt-praxis.ch\/wp-content\/uploads\/2023\/03\/H3A7500-1-1536x1024.jpg 1536w, https:\/\/augen-arzt-praxis.ch\/wp-content\/uploads\/2023\/03\/H3A7500-1-2048x1365.jpg 2048w\" sizes=\"(max-width: 800px) 100vw, 800px\" \/><\/a>\n\t\t\t<\/div><\/figure><figure class='gallery-item'>\n\t\t\t<div class='gallery-icon portrait'>\n\t\t\t\t<a data-elementor-open-lightbox=\"no\" href='https:\/\/augen-arzt-praxis.ch\/wp-content\/uploads\/2023\/03\/H3A5354-scaled.jpg'><img loading=\"lazy\" decoding=\"async\" width=\"683\" height=\"1024\" src=\"https:\/\/augen-arzt-praxis.ch\/wp-content\/uploads\/2023\/03\/H3A5354-683x1024.jpg\" class=\"attachment-large size-large\" alt=\"\" srcset=\"https:\/\/augen-arzt-praxis.ch\/wp-content\/uploads\/2023\/03\/H3A5354-683x1024.jpg 683w, https:\/\/augen-arzt-praxis.ch\/wp-content\/uploads\/2023\/03\/H3A5354-200x300.jpg 200w, https:\/\/augen-arzt-praxis.ch\/wp-content\/uploads\/2023\/03\/H3A5354-768x1152.jpg 768w, https:\/\/augen-arzt-praxis.ch\/wp-content\/uploads\/2023\/03\/H3A5354-1024x1536.jpg 1024w, https:\/\/augen-arzt-praxis.ch\/wp-content\/uploads\/2023\/03\/H3A5354-1365x2048.jpg 1365w, https:\/\/augen-arzt-praxis.ch\/wp-content\/uploads\/2023\/03\/H3A5354-scaled.jpg 1707w\" sizes=\"(max-width: 683px) 100vw, 683px\" \/><\/a>\n\t\t\t<\/div><\/figure><figure class='gallery-item'>\n\t\t\t<div class='gallery-icon portrait'>\n\t\t\t\t<a data-elementor-open-lightbox=\"no\" href='https:\/\/augen-arzt-praxis.ch\/wp-content\/uploads\/2023\/03\/H3A5342-scaled.jpg'><img loading=\"lazy\" decoding=\"async\" width=\"683\" height=\"1024\" src=\"https:\/\/augen-arzt-praxis.ch\/wp-content\/uploads\/2023\/03\/H3A5342-683x1024.jpg\" class=\"attachment-large size-large\" alt=\"\" srcset=\"https:\/\/augen-arzt-praxis.ch\/wp-content\/uploads\/2023\/03\/H3A5342-683x1024.jpg 683w, https:\/\/augen-arzt-praxis.ch\/wp-content\/uploads\/2023\/03\/H3A5342-200x300.jpg 200w, https:\/\/augen-arzt-praxis.ch\/wp-content\/uploads\/2023\/03\/H3A5342-768x1152.jpg 768w, https:\/\/augen-arzt-praxis.ch\/wp-content\/uploads\/2023\/03\/H3A5342-1024x1536.jpg 1024w, https:\/\/augen-arzt-praxis.ch\/wp-content\/uploads\/2023\/03\/H3A5342-1365x2048.jpg 1365w, https:\/\/augen-arzt-praxis.ch\/wp-content\/uploads\/2023\/03\/H3A5342-scaled.jpg 1707w\" sizes=\"(max-width: 683px) 100vw, 683px\" \/><\/a>\n\t\t\t<\/div><\/figure><figure class='gallery-item'>\n\t\t\t<div class='gallery-icon landscape'>\n\t\t\t\t<a data-elementor-open-lightbox=\"no\" href='https:\/\/augen-arzt-praxis.ch\/wp-content\/uploads\/2025\/09\/0329_Augenarztpraxis_Scenen_044_empfang-scaled.jpg'><img loading=\"lazy\" decoding=\"async\" width=\"800\" height=\"534\" src=\"https:\/\/augen-arzt-praxis.ch\/wp-content\/uploads\/2025\/09\/0329_Augenarztpraxis_Scenen_044_empfang-1024x683.jpg\" class=\"attachment-large size-large\" alt=\"\" srcset=\"https:\/\/augen-arzt-praxis.ch\/wp-content\/uploads\/2025\/09\/0329_Augenarztpraxis_Scenen_044_empfang-1024x683.jpg 1024w, https:\/\/augen-arzt-praxis.ch\/wp-content\/uploads\/2025\/09\/0329_Augenarztpraxis_Scenen_044_empfang-300x200.jpg 300w, https:\/\/augen-arzt-praxis.ch\/wp-content\/uploads\/2025\/09\/0329_Augenarztpraxis_Scenen_044_empfang-768x512.jpg 768w, https:\/\/augen-arzt-praxis.ch\/wp-content\/uploads\/2025\/09\/0329_Augenarztpraxis_Scenen_044_empfang-1536x1024.jpg 1536w, https:\/\/augen-arzt-praxis.ch\/wp-content\/uploads\/2025\/09\/0329_Augenarztpraxis_Scenen_044_empfang-2048x1365.jpg 2048w\" sizes=\"(max-width: 800px) 100vw, 800px\" \/><\/a>\n\t\t\t<\/div><\/figure>\n\t\t<\/div>\n\t\t<\/div>\n\t\t\t\t\t\t<\/div>\n\t\t\t\t<\/div>\n\t\t\t\t\t<\/div>\n\t\t<\/div>\n\t\t\t\t\t<\/div>\n\t\t<\/section>\n\t\t\t\t<section class=\"elementor-section elementor-top-section elementor-element elementor-element-82f4b91 elementor-reverse-tablet elementor-reverse-mobile elementor-section-boxed elementor-section-height-default elementor-section-height-default\" data-id=\"82f4b91\" data-element_type=\"section\" data-e-type=\"section\" data-settings=\"{&quot;background_background&quot;:&quot;classic&quot;}\">\n\t\t\t\t\t\t\t<div class=\"elementor-background-overlay\"><\/div>\n\t\t\t\t\t\t\t<div class=\"elementor-container elementor-column-gap-default\">\n\t\t\t\t\t<div class=\"elementor-column elementor-col-100 elementor-top-column elementor-element elementor-element-ed55503\" data-id=\"ed55503\" data-element_type=\"column\" data-e-type=\"column\">\n\t\t\t<div class=\"elementor-widget-wrap elementor-element-populated\">\n\t\t\t\t\t\t<div class=\"elementor-element elementor-element-14ea82f elementor-widget elementor-widget-heading\" data-id=\"14ea82f\" data-element_type=\"widget\" data-e-type=\"widget\" data-widget_type=\"heading.default\">\n\t\t\t\t<div class=\"elementor-widget-container\">\n\t\t\t\t\t<h5 class=\"elementor-heading-title elementor-size-default\">Book an appointment online now<\/h5>\t\t\t\t<\/div>\n\t\t\t\t<\/div>\n\t\t\t\t<div class=\"elementor-element elementor-element-074f91f elementor-widget elementor-widget-heading\" data-id=\"074f91f\" data-element_type=\"widget\" data-e-type=\"widget\" data-widget_type=\"heading.default\">\n\t\t\t\t<div class=\"elementor-widget-container\">\n\t\t\t\t\t<h2 class=\"elementor-heading-title elementor-size-default\">Office hours and appointment<\/h2>\t\t\t\t<\/div>\n\t\t\t\t<\/div>\n\t\t\t\t<div class=\"elementor-element elementor-element-8f7a3d3 elementor-widget elementor-widget-text-editor\" data-id=\"8f7a3d3\" data-element_type=\"widget\" data-e-type=\"widget\" data-widget_type=\"text-editor.default\">\n\t\t\t\t<div class=\"elementor-widget-container\">\n\t\t\t\t\t\t\t\t\t<p><span style=\"font-weight: 400;\">Make a convenient appointment.<\/span><\/p><p><b>In case of emergency<\/b> (especially in case of: sudden vision loss, acute pain or inflammation of the eyes, new strabismus, accidents) <b>please call us<\/b> so that we can give your children or you an urgent appointment.<\/p>\t\t\t\t\t\t\t\t<\/div>\n\t\t\t\t<\/div>\n\t\t\t\t<div class=\"elementor-element elementor-element-8beac80 elementor-widget elementor-widget-heading\" data-id=\"8beac80\" data-element_type=\"widget\" data-e-type=\"widget\" data-widget_type=\"heading.default\">\n\t\t\t\t<div class=\"elementor-widget-container\">\n\t\t\t\t\t<h4 class=\"elementor-heading-title elementor-size-default\">Our office hours (consultation hours and telephone):<\/h4>\t\t\t\t<\/div>\n\t\t\t\t<\/div>\n\t\t\t\t<section class=\"elementor-section elementor-inner-section elementor-element elementor-element-33273c6 elementor-section-content-middle elementor-section-boxed elementor-section-height-default elementor-section-height-default\" data-id=\"33273c6\" data-element_type=\"section\" data-e-type=\"section\">\n\t\t\t\t\t\t<div class=\"elementor-container elementor-column-gap-no\">\n\t\t\t\t\t<div class=\"elementor-column elementor-col-50 elementor-inner-column elementor-element elementor-element-c64c64f\" data-id=\"c64c64f\" data-element_type=\"column\" data-e-type=\"column\">\n\t\t\t<div class=\"elementor-widget-wrap elementor-element-populated\">\n\t\t\t\t\t\t<div class=\"elementor-element elementor-element-9e5f2cd elementor-widget elementor-widget-heading\" data-id=\"9e5f2cd\" data-element_type=\"widget\" data-e-type=\"widget\" data-widget_type=\"heading.default\">\n\t\t\t\t<div class=\"elementor-widget-container\">\n\t\t\t\t\t<span class=\"elementor-heading-title elementor-size-default\">Monday - Friday<\/span>\t\t\t\t<\/div>\n\t\t\t\t<\/div>\n\t\t\t\t\t<\/div>\n\t\t<\/div>\n\t\t\t\t<div class=\"elementor-column elementor-col-50 elementor-inner-column elementor-element elementor-element-21ff82f\" data-id=\"21ff82f\" data-element_type=\"column\" data-e-type=\"column\">\n\t\t\t<div class=\"elementor-widget-wrap elementor-element-populated\">\n\t\t\t\t\t\t<div class=\"elementor-element elementor-element-c3d716f elementor-icon-list--layout-inline elementor-align-end elementor-list-item-link-full_width elementor-widget elementor-widget-icon-list\" data-id=\"c3d716f\" data-element_type=\"widget\" data-e-type=\"widget\" data-widget_type=\"icon-list.default\">\n\t\t\t\t<div class=\"elementor-widget-container\">\n\t\t\t\t\t\t\t<ul class=\"elementor-icon-list-items elementor-inline-items\">\n\t\t\t\t\t\t\t<li class=\"elementor-icon-list-item elementor-inline-item\">\n\t\t\t\t\t\t\t\t\t\t\t<span class=\"elementor-icon-list-icon\">\n\t\t\t\t\t\t\t<i aria-hidden=\"true\" class=\"far fa-clock\"><\/i>\t\t\t\t\t\t<\/span>\n\t\t\t\t\t\t\t\t\t\t<span class=\"elementor-icon-list-text\">08:00 - 12:00<\/span>\n\t\t\t\t\t\t\t\t\t<\/li>\n\t\t\t\t\t\t<\/ul>\n\t\t\t\t\t\t<\/div>\n\t\t\t\t<\/div>\n\t\t\t\t\t<\/div>\n\t\t<\/div>\n\t\t\t\t\t<\/div>\n\t\t<\/section>\n\t\t\t\t<section class=\"elementor-section elementor-inner-section elementor-element elementor-element-15b3cde elementor-section-content-middle elementor-section-boxed elementor-section-height-default elementor-section-height-default\" data-id=\"15b3cde\" data-element_type=\"section\" data-e-type=\"section\">\n\t\t\t\t\t\t<div class=\"elementor-container elementor-column-gap-no\">\n\t\t\t\t\t<div class=\"elementor-column elementor-col-50 elementor-inner-column elementor-element elementor-element-e7a1ce6\" data-id=\"e7a1ce6\" data-element_type=\"column\" data-e-type=\"column\">\n\t\t\t<div class=\"elementor-widget-wrap elementor-element-populated\">\n\t\t\t\t\t\t<div class=\"elementor-element elementor-element-86de7ae elementor-widget elementor-widget-heading\" data-id=\"86de7ae\" data-element_type=\"widget\" data-e-type=\"widget\" data-widget_type=\"heading.default\">\n\t\t\t\t<div class=\"elementor-widget-container\">\n\t\t\t\t\t<span class=\"elementor-heading-title elementor-size-default\">Monday - Friday<\/span>\t\t\t\t<\/div>\n\t\t\t\t<\/div>\n\t\t\t\t\t<\/div>\n\t\t<\/div>\n\t\t\t\t<div class=\"elementor-column elementor-col-50 elementor-inner-column elementor-element elementor-element-4273b04\" data-id=\"4273b04\" data-element_type=\"column\" data-e-type=\"column\">\n\t\t\t<div class=\"elementor-widget-wrap elementor-element-populated\">\n\t\t\t\t\t\t<div class=\"elementor-element elementor-element-8ef1109 elementor-icon-list--layout-inline elementor-align-end elementor-list-item-link-full_width elementor-widget elementor-widget-icon-list\" data-id=\"8ef1109\" data-element_type=\"widget\" data-e-type=\"widget\" data-widget_type=\"icon-list.default\">\n\t\t\t\t<div class=\"elementor-widget-container\">\n\t\t\t\t\t\t\t<ul class=\"elementor-icon-list-items elementor-inline-items\">\n\t\t\t\t\t\t\t<li class=\"elementor-icon-list-item elementor-inline-item\">\n\t\t\t\t\t\t\t\t\t\t\t<span class=\"elementor-icon-list-icon\">\n\t\t\t\t\t\t\t<i aria-hidden=\"true\" class=\"far fa-clock\"><\/i>\t\t\t\t\t\t<\/span>\n\t\t\t\t\t\t\t\t\t\t<span class=\"elementor-icon-list-text\">13:00 - 17:00<\/span>\n\t\t\t\t\t\t\t\t\t<\/li>\n\t\t\t\t\t\t<\/ul>\n\t\t\t\t\t\t<\/div>\n\t\t\t\t<\/div>\n\t\t\t\t\t<\/div>\n\t\t<\/div>\n\t\t\t\t\t<\/div>\n\t\t<\/section>\n\t\t\t\t<section class=\"elementor-section elementor-inner-section elementor-element elementor-element-85b1849 elementor-section-content-middle elementor-section-boxed elementor-section-height-default elementor-section-height-default\" data-id=\"85b1849\" data-element_type=\"section\" data-e-type=\"section\">\n\t\t\t\t\t\t<div class=\"elementor-container elementor-column-gap-no\">\n\t\t\t\t\t<div class=\"elementor-column elementor-col-50 elementor-inner-column elementor-element elementor-element-51453ab\" data-id=\"51453ab\" data-element_type=\"column\" data-e-type=\"column\">\n\t\t\t<div class=\"elementor-widget-wrap elementor-element-populated\">\n\t\t\t\t\t\t<div class=\"elementor-element elementor-element-d9bc481 elementor-widget elementor-widget-heading\" data-id=\"d9bc481\" data-element_type=\"widget\" data-e-type=\"widget\" data-widget_type=\"heading.default\">\n\t\t\t\t<div class=\"elementor-widget-container\">\n\t\t\t\t\t<span class=\"elementor-heading-title elementor-size-default\">Saturday and Sunday<\/span>\t\t\t\t<\/div>\n\t\t\t\t<\/div>\n\t\t\t\t\t<\/div>\n\t\t<\/div>\n\t\t\t\t<div class=\"elementor-column elementor-col-50 elementor-inner-column elementor-element elementor-element-463d319\" data-id=\"463d319\" data-element_type=\"column\" data-e-type=\"column\">\n\t\t\t<div class=\"elementor-widget-wrap elementor-element-populated\">\n\t\t\t\t\t\t<div class=\"elementor-element elementor-element-f965dec elementor-icon-list--layout-inline elementor-align-end elementor-list-item-link-full_width elementor-widget elementor-widget-icon-list\" data-id=\"f965dec\" data-element_type=\"widget\" data-e-type=\"widget\" data-widget_type=\"icon-list.default\">\n\t\t\t\t<div class=\"elementor-widget-container\">\n\t\t\t\t\t\t\t<ul class=\"elementor-icon-list-items elementor-inline-items\">\n\t\t\t\t\t\t\t<li class=\"elementor-icon-list-item elementor-inline-item\">\n\t\t\t\t\t\t\t\t\t\t\t<span class=\"elementor-icon-list-icon\">\n\t\t\t\t\t\t\t<i aria-hidden=\"true\" class=\"far fa-clock\"><\/i>\t\t\t\t\t\t<\/span>\n\t\t\t\t\t\t\t\t\t\t<span class=\"elementor-icon-list-text\">Closed<\/span>\n\t\t\t\t\t\t\t\t\t<\/li>\n\t\t\t\t\t\t<\/ul>\n\t\t\t\t\t\t<\/div>\n\t\t\t\t<\/div>\n\t\t\t\t\t<\/div>\n\t\t<\/div>\n\t\t\t\t\t<\/div>\n\t\t<\/section>\n\t\t\t\t<div class=\"elementor-element elementor-element-8bac146 elementor-widget elementor-widget-heading\" data-id=\"8bac146\" data-element_type=\"widget\" data-e-type=\"widget\" data-widget_type=\"heading.default\">\n\t\t\t\t<div class=\"elementor-widget-container\">\n\t\t\t\t\t<h4 class=\"elementor-heading-title elementor-size-default\">Appointments by appointment by phone:<\/h4>\t\t\t\t<\/div>\n\t\t\t\t<\/div>\n\t\t\t\t<div class=\"elementor-element elementor-element-9b3545d elementor-icon-list--layout-inline elementor-align-start elementor-list-item-link-full_width elementor-widget elementor-widget-icon-list\" data-id=\"9b3545d\" data-element_type=\"widget\" data-e-type=\"widget\" data-widget_type=\"icon-list.default\">\n\t\t\t\t<div class=\"elementor-widget-container\">\n\t\t\t\t\t\t\t<ul class=\"elementor-icon-list-items elementor-inline-items\">\n\t\t\t\t\t\t\t<li class=\"elementor-icon-list-item elementor-inline-item\">\n\t\t\t\t\t\t\t\t\t\t\t<a href=\"tel:00410445529191\">\n\n\t\t\t\t\t\t\t\t\t\t\t\t<span class=\"elementor-icon-list-icon\">\n\t\t\t\t\t\t\t<i aria-hidden=\"true\" class=\"jki jki-phone-line\"><\/i>\t\t\t\t\t\t<\/span>\n\t\t\t\t\t\t\t\t\t\t<span class=\"elementor-icon-list-text\">044 552 91 91<\/span>\n\t\t\t\t\t\t\t\t\t\t\t<\/a>\n\t\t\t\t\t\t\t\t\t<\/li>\n\t\t\t\t\t\t<\/ul>\n\t\t\t\t\t\t<\/div>\n\t\t\t\t<\/div>\n\t\t\t\t<div class=\"elementor-element elementor-element-e69cd7e elementor-widget elementor-widget-heading\" data-id=\"e69cd7e\" data-element_type=\"widget\" data-e-type=\"widget\" data-widget_type=\"heading.default\">\n\t\t\t\t<div class=\"elementor-widget-container\">\n\t\t\t\t\t<h4 class=\"elementor-heading-title elementor-size-default\">or by mail:<\/h4>\t\t\t\t<\/div>\n\t\t\t\t<\/div>\n\t\t\t\t<div class=\"elementor-element elementor-element-3c95fa8 elementor-icon-list--layout-inline elementor-align-start elementor-list-item-link-full_width elementor-widget elementor-widget-icon-list\" data-id=\"3c95fa8\" data-element_type=\"widget\" data-e-type=\"widget\" data-widget_type=\"icon-list.default\">\n\t\t\t\t<div class=\"elementor-widget-container\">\n\t\t\t\t\t\t\t<ul class=\"elementor-icon-list-items elementor-inline-items\">\n\t\t\t\t\t\t\t<li class=\"elementor-icon-list-item elementor-inline-item\">\n\t\t\t\t\t\t\t\t\t\t\t<a href=\"mailto:hallo@augen-arzt-praxis.ch\">\n\n\t\t\t\t\t\t\t\t\t\t\t\t<span class=\"elementor-icon-list-icon\">\n\t\t\t\t\t\t\t<i aria-hidden=\"true\" class=\"far fa-envelope\"><\/i>\t\t\t\t\t\t<\/span>\n\t\t\t\t\t\t\t\t\t\t<span class=\"elementor-icon-list-text\">hallo@augen-arzt-praxis.ch<\/span>\n\t\t\t\t\t\t\t\t\t\t\t<\/a>\n\t\t\t\t\t\t\t\t\t<\/li>\n\t\t\t\t\t\t<\/ul>\n\t\t\t\t\t\t<\/div>\n\t\t\t\t<\/div>\n\t\t\t\t<div class=\"elementor-element elementor-element-c84abe2 elementor-widget elementor-widget-heading\" data-id=\"c84abe2\" data-element_type=\"widget\" data-e-type=\"widget\" data-widget_type=\"heading.default\">\n\t\t\t\t<div class=\"elementor-widget-container\">\n\t\t\t\t\t<h4 class=\"elementor-heading-title elementor-size-default\">or online:<\/h4>\t\t\t\t<\/div>\n\t\t\t\t<\/div>\n\t\t\t\t<div class=\"elementor-element elementor-element-0dbb3ff elementor-align-left elementor-mobile-align-left animated-slow elementor-invisible elementor-widget elementor-widget-button\" data-id=\"0dbb3ff\" data-element_type=\"widget\" data-e-type=\"widget\" data-settings=\"{&quot;_animation&quot;:&quot;fadeInUp&quot;,&quot;_animation_mobile&quot;:&quot;none&quot;}\" data-widget_type=\"button.default\">\n\t\t\t\t<div class=\"elementor-widget-container\">\n\t\t\t\t\t\t\t\t\t<div class=\"elementor-button-wrapper\">\n\t\t\t\t\t<a class=\"elementor-button elementor-button-link elementor-size-sm elementor-animation-float\" href=\"https:\/\/augen-arzt-praxis.ch\/en\/contact\/#termin_buchen\">\n\t\t\t\t\t\t<span class=\"elementor-button-content-wrapper\">\n\t\t\t\t\t\t\t\t\t<span class=\"elementor-button-text\">Make an appointment online now<\/span>\n\t\t\t\t\t<\/span>\n\t\t\t\t\t<\/a>\n\t\t\t\t<\/div>\n\t\t\t\t\t\t\t\t<\/div>\n\t\t\t\t<\/div>\n\t\t\t\t\t<\/div>\n\t\t<\/div>\n\t\t\t\t\t<\/div>\n\t\t<\/section>\n\t\t\t\t<\/div>\n\t\t","protected":false},"excerpt":{"rendered":"<p>Our practice Home Our practice 0 + Jahre Erfahrung About us Our practice We place great importance on ensuring that patients of all ages\u2014young and old\u2014feel comfortable with us. Here you can take a look and get an impression of our practice rooms. View practice pictures Our philosophy The well-being of all our patients, both [&hellip;]<\/p>\n","protected":false},"author":1,"featured_media":0,"parent":0,"menu_order":0,"comment_status":"closed","ping_status":"closed","template":"elementor_header_footer","meta":{"footnotes":""},"class_list":["post-2511","page","type-page","status-publish","hentry"],"_links":{"self":[{"href":"https:\/\/augen-arzt-praxis.ch\/en\/wp-json\/wp\/v2\/pages\/2511","targetHints":{"allow":["GET"]}}],"collection":[{"href":"https:\/\/augen-arzt-praxis.ch\/en\/wp-json\/wp\/v2\/pages"}],"about":[{"href":"https:\/\/augen-arzt-praxis.ch\/en\/wp-json\/wp\/v2\/types\/page"}],"author":[{"embeddable":true,"href":"https:\/\/augen-arzt-praxis.ch\/en\/wp-json\/wp\/v2\/users\/1"}],"replies":[{"embeddable":true,"href":"https:\/\/augen-arzt-praxis.ch\/en\/wp-json\/wp\/v2\/comments?post=2511"}],"version-history":[{"count":2,"href":"https:\/\/augen-arzt-praxis.ch\/en\/wp-json\/wp\/v2\/pages\/2511\/revisions"}],"predecessor-version":[{"id":3035,"href":"https:\/\/augen-arzt-praxis.ch\/en\/wp-json\/wp\/v2\/pages\/2511\/revisions\/3035"}],"wp:attachment":[{"href":"https:\/\/augen-arzt-praxis.ch\/en\/wp-json\/wp\/v2\/media?parent=2511"}],"curies":[{"name":"wp","href":"https:\/\/api.w.org\/{rel}","templated":true}]}}