{"id":2643,"date":"2023-01-31T10:54:33","date_gmt":"2023-01-31T09:54:33","guid":{"rendered":"https:\/\/augen-arzt-praxis.ch\/pediatric-ophthalmologist\/"},"modified":"2026-03-11T19:13:35","modified_gmt":"2026-03-11T18:13:35","slug":"pediatric-ophthalmologist","status":"publish","type":"page","link":"https:\/\/augen-arzt-praxis.ch\/en\/pediatric-ophthalmologist\/","title":{"rendered":"Pediatric Ophthalmologist"},"content":{"rendered":"\t\t<div data-elementor-type=\"wp-page\" data-elementor-id=\"2643\" class=\"elementor elementor-2643 elementor-346\" data-elementor-post-type=\"page\">\n\t\t\t\t\t\t<section class=\"elementor-section elementor-top-section elementor-element elementor-element-687b1493 elementor-section-boxed elementor-section-height-default elementor-section-height-default\" data-id=\"687b1493\" data-element_type=\"section\" data-e-type=\"section\" data-settings=\"{&quot;background_background&quot;:&quot;classic&quot;}\">\n\t\t\t\t\t\t\t<div class=\"elementor-background-overlay\"><\/div>\n\t\t\t\t\t\t\t<div class=\"elementor-container elementor-column-gap-default\">\n\t\t\t\t\t<div class=\"elementor-column elementor-col-100 elementor-top-column elementor-element elementor-element-4d742497\" data-id=\"4d742497\" data-element_type=\"column\" data-e-type=\"column\" data-settings=\"{&quot;background_background&quot;:&quot;classic&quot;}\">\n\t\t\t<div class=\"elementor-widget-wrap elementor-element-populated\">\n\t\t\t\t\t\t<div class=\"elementor-element elementor-element-517e5de5 elementor-widget elementor-widget-heading\" data-id=\"517e5de5\" data-element_type=\"widget\" data-e-type=\"widget\" data-widget_type=\"heading.default\">\n\t\t\t\t<div class=\"elementor-widget-container\">\n\t\t\t\t\t<h1 class=\"elementor-heading-title elementor-size-default\">Pediatric ophthalmologist in Zurich<\/h1>\t\t\t\t<\/div>\n\t\t\t\t<\/div>\n\t\t\t\t<div class=\"elementor-element elementor-element-21b4c493 elementor-icon-list--layout-inline elementor-align-center elementor-list-item-link-full_width elementor-widget elementor-widget-icon-list\" data-id=\"21b4c493\" data-element_type=\"widget\" data-e-type=\"widget\" data-widget_type=\"icon-list.default\">\n\t\t\t\t<div class=\"elementor-widget-container\">\n\t\t\t\t\t\t\t<ul class=\"elementor-icon-list-items elementor-inline-items\">\n\t\t\t\t\t\t\t<li class=\"elementor-icon-list-item elementor-inline-item\">\n\t\t\t\t\t\t\t\t\t\t\t<a href=\"https:\/\/augen-arzt-praxis.ch\/en\/\">\n\n\t\t\t\t\t\t\t\t\t\t\t<span class=\"elementor-icon-list-text\">Home<\/span>\n\t\t\t\t\t\t\t\t\t\t\t<\/a>\n\t\t\t\t\t\t\t\t\t<\/li>\n\t\t\t\t\t\t\t\t<li class=\"elementor-icon-list-item elementor-inline-item\">\n\t\t\t\t\t\t\t\t\t\t\t<a href=\"https:\/\/augen-arzt-praxis.ch\/en\/pediatric-ophthalmologist\/\">\n\n\t\t\t\t\t\t\t\t\t\t\t\t<span class=\"elementor-icon-list-icon\">\n\t\t\t\t\t\t\t<i aria-hidden=\"true\" class=\"fas fa-chevron-right\"><\/i>\t\t\t\t\t\t<\/span>\n\t\t\t\t\t\t\t\t\t\t<span class=\"elementor-icon-list-text\">Pediatric Ophthalmologist<\/span>\n\t\t\t\t\t\t\t\t\t\t\t<\/a>\n\t\t\t\t\t\t\t\t\t<\/li>\n\t\t\t\t\t\t<\/ul>\n\t\t\t\t\t\t<\/div>\n\t\t\t\t<\/div>\n\t\t\t\t\t<\/div>\n\t\t<\/div>\n\t\t\t\t\t<\/div>\n\t\t<\/section>\n\t\t\t\t<section class=\"elementor-section elementor-top-section elementor-element elementor-element-835e1ea elementor-section-content-middle elementor-section-boxed elementor-section-height-default elementor-section-height-default\" data-id=\"835e1ea\" data-element_type=\"section\" data-e-type=\"section\" data-settings=\"{&quot;background_background&quot;:&quot;classic&quot;}\">\n\t\t\t\t\t\t<div class=\"elementor-container elementor-column-gap-default\">\n\t\t\t\t\t<div class=\"elementor-column elementor-col-50 elementor-top-column elementor-element elementor-element-74d43ff\" data-id=\"74d43ff\" data-element_type=\"column\" data-e-type=\"column\">\n\t\t\t<div class=\"elementor-widget-wrap elementor-element-populated\">\n\t\t\t\t\t\t<div class=\"elementor-element elementor-element-14a933c elementor-widget elementor-widget-image\" data-id=\"14a933c\" data-element_type=\"widget\" data-e-type=\"widget\" data-widget_type=\"image.default\">\n\t\t\t\t<div class=\"elementor-widget-container\">\n\t\t\t\t\t\t\t\t\t\t\t\t\t\t\t<img decoding=\"async\" src=\"https:\/\/augen-arzt-praxis.ch\/wp-content\/uploads\/elementor\/thumbs\/H3A7500-scaled-q3xt1pekorsof0vn72dkm1otn674namrqbn95o6qes.jpg\" title=\"_H3A7500\" alt=\"_H3A7500\" loading=\"lazy\" \/>\t\t\t\t\t\t\t\t\t\t\t\t\t\t\t<\/div>\n\t\t\t\t<\/div>\n\t\t\t\t<div class=\"elementor-element elementor-element-813683c elementor-widget elementor-widget-image\" data-id=\"813683c\" data-element_type=\"widget\" data-e-type=\"widget\" data-widget_type=\"image.default\">\n\t\t\t\t<div class=\"elementor-widget-container\">\n\t\t\t\t\t\t\t\t\t\t\t\t\t\t\t<img decoding=\"async\" src=\"https:\/\/augen-arzt-praxis.ch\/wp-content\/uploads\/elementor\/thumbs\/H3A5826-scaled-q3xstvf2eyejss8agaljcxf4qjzgrnhxlp3k6l1udc.jpg\" title=\"_H3A5826\" alt=\"Kind mit rotem und schwarzen\" loading=\"lazy\" \/>\t\t\t\t\t\t\t\t\t\t\t\t\t\t\t<\/div>\n\t\t\t\t<\/div>\n\t\t\t\t<div class=\"elementor-element elementor-element-f77ec6c elementor-widget__width-initial elementor-absolute elementor-hidden-phone animated-slow elementor-invisible elementor-widget elementor-widget-jkit_fun_fact\" data-id=\"f77ec6c\" data-element_type=\"widget\" data-e-type=\"widget\" data-settings=\"{&quot;_position&quot;:&quot;absolute&quot;,&quot;_animation&quot;:&quot;fadeInUp&quot;}\" data-widget_type=\"jkit_fun_fact.default\">\n\t\t\t\t<div class=\"elementor-widget-container\">\n\t\t\t\t\t<div  class=\"jeg-elementor-kit jkit-fun-fact align-center hover-from-left elementor-animation- jeg_module___69f5b0c76f33b\" ><div class=fun-fact-inner>\n            <div class=\"content\">\n                <div class=\"number-wrapper\"><span class=\"prefix\"><\/span>\n        <span class=\"number\" data-value=\"20\" data-animation-duration=\"3500\">0<\/span>\n        <span class=\"suffix\"><\/span><sup class=\"super\">+<\/sup><\/div>\n                <span class=\"title\">Jahre Erfahrung<\/span>\n            <\/div>\n        <\/div><\/div>\t\t\t\t<\/div>\n\t\t\t\t<\/div>\n\t\t\t\t\t<\/div>\n\t\t<\/div>\n\t\t\t\t<div class=\"elementor-column elementor-col-50 elementor-top-column elementor-element elementor-element-329d628\" data-id=\"329d628\" data-element_type=\"column\" data-e-type=\"column\">\n\t\t\t<div class=\"elementor-widget-wrap elementor-element-populated\">\n\t\t\t\t\t\t<div class=\"elementor-element elementor-element-ccb9261 animated-slow elementor-invisible elementor-widget elementor-widget-heading\" data-id=\"ccb9261\" data-element_type=\"widget\" data-e-type=\"widget\" data-settings=\"{&quot;_animation&quot;:&quot;fadeInRight&quot;}\" data-widget_type=\"heading.default\">\n\t\t\t\t<div class=\"elementor-widget-container\">\n\t\t\t\t\t<h5 class=\"elementor-heading-title elementor-size-default\">Pediatric Ophthalmologist<\/h5>\t\t\t\t<\/div>\n\t\t\t\t<\/div>\n\t\t\t\t<div class=\"elementor-element elementor-element-1dd7cdc elementor-widget elementor-widget-heading\" data-id=\"1dd7cdc\" data-element_type=\"widget\" data-e-type=\"widget\" data-widget_type=\"heading.default\">\n\t\t\t\t<div class=\"elementor-widget-container\">\n\t\t\t\t\t<h2 class=\"elementor-heading-title elementor-size-default\">Pediatric ophthalmology our specialty<\/h2>\t\t\t\t<\/div>\n\t\t\t\t<\/div>\n\t\t\t\t<div class=\"elementor-element elementor-element-cfbb610 elementor-widget elementor-widget-text-editor\" data-id=\"cfbb610\" data-element_type=\"widget\" data-e-type=\"widget\" data-widget_type=\"text-editor.default\">\n\t\t\t\t<div class=\"elementor-widget-container\">\n\t\t\t\t\t\t\t\t\t<p><span style=\"font-weight: 400;\">As pediatric ophthalmologists in Zurich, we treat children in the areas of strabismus (orthoptics \/ strabology), vision impairment, reduced visual acuity, myopia management, general ophthalmology, retinal diseases, eye malformations, and eye movement disorders. We also provide emergency care for our youngest patients at our pediatric eye clinic. Our specialization lies in the therapy of strabismus and vision disorders.  <\/span><\/p><p><span style=\"font-weight: 400;\">As pediatric ophthalmologists, we place great importance on the well-being of our youngest patients. A child-friendly environment awaits your little ones, and our waiting room offers a variety of toys and books to discover. Diagnostics are carried out in a playful manner, with empathy and a sensitive touch for each individual situation.  <\/span><\/p><p><span style=\"font-weight: 400;\">Eyesight is particularly crucial for children. Not only because they are still in a developmental stage, but also because conditions such as vision impairment can lead to unpleasant symptoms like headaches, watery eyes, and poor concentration, or cause other long-term damage. <\/span><\/p><p><span style=\"font-weight: 400;\">Signs or symptoms caused by eye conditions are not always clearly identifiable. Often, these indicators are not directly associated with eye diseases. If in doubt, have your child&#8217;s eyes examined at our practice. We help your child experience the world in sharp focus again and reduce bothersome side effects such as headaches. We offer a comprehensive package of services consisting of prevention, diagnostics, and therapy for children.    <\/span><\/p>\t\t\t\t\t\t\t\t<\/div>\n\t\t\t\t<\/div>\n\t\t\t\t<div class=\"elementor-element elementor-element-2f94e0b elementor-widget elementor-widget-button\" data-id=\"2f94e0b\" data-element_type=\"widget\" data-e-type=\"widget\" data-widget_type=\"button.default\">\n\t\t\t\t<div class=\"elementor-widget-container\">\n\t\t\t\t\t\t\t\t\t<div class=\"elementor-button-wrapper\">\n\t\t\t\t\t<a class=\"elementor-button elementor-button-link elementor-size-sm elementor-animation-float\" href=\"https:\/\/augen-arzt-praxis.ch\/en\/contact\/#termin_buchen\">\n\t\t\t\t\t\t<span class=\"elementor-button-content-wrapper\">\n\t\t\t\t\t\t\t\t\t<span class=\"elementor-button-text\">Make an appointment<\/span>\n\t\t\t\t\t<\/span>\n\t\t\t\t\t<\/a>\n\t\t\t\t<\/div>\n\t\t\t\t\t\t\t\t<\/div>\n\t\t\t\t<\/div>\n\t\t\t\t\t<\/div>\n\t\t<\/div>\n\t\t\t\t\t<\/div>\n\t\t<\/section>\n\t\t\t\t<section class=\"elementor-section elementor-top-section elementor-element elementor-element-6e00d0e elementor-hidden-tablet elementor-section-boxed elementor-section-height-default elementor-section-height-default\" data-id=\"6e00d0e\" data-element_type=\"section\" data-e-type=\"section\" data-settings=\"{&quot;background_background&quot;:&quot;classic&quot;}\">\n\t\t\t\t\t\t<div class=\"elementor-container elementor-column-gap-default\">\n\t\t\t\t\t<div class=\"elementor-column elementor-col-100 elementor-top-column elementor-element elementor-element-a979b76\" data-id=\"a979b76\" data-element_type=\"column\" data-e-type=\"column\">\n\t\t\t<div class=\"elementor-widget-wrap elementor-element-populated\">\n\t\t\t\t\t\t<section class=\"elementor-section elementor-inner-section elementor-element elementor-element-4ae55b1 elementor-section-content-bottom elementor-section-boxed elementor-section-height-default elementor-section-height-default\" data-id=\"4ae55b1\" data-element_type=\"section\" data-e-type=\"section\">\n\t\t\t\t\t\t<div class=\"elementor-container elementor-column-gap-no\">\n\t\t\t\t\t<div class=\"elementor-column elementor-col-100 elementor-inner-column elementor-element elementor-element-377035a\" data-id=\"377035a\" data-element_type=\"column\" data-e-type=\"column\">\n\t\t\t<div class=\"elementor-widget-wrap elementor-element-populated\">\n\t\t\t\t\t\t<div class=\"elementor-element elementor-element-2af2fca animated-slow elementor-invisible elementor-widget elementor-widget-heading\" data-id=\"2af2fca\" data-element_type=\"widget\" data-e-type=\"widget\" data-settings=\"{&quot;_animation&quot;:&quot;fadeInLeft&quot;,&quot;_animation_mobile&quot;:&quot;none&quot;}\" data-widget_type=\"heading.default\">\n\t\t\t\t<div class=\"elementor-widget-container\">\n\t\t\t\t\t<h5 class=\"elementor-heading-title elementor-size-default\">Make an appointment<\/h5>\t\t\t\t<\/div>\n\t\t\t\t<\/div>\n\t\t\t\t<div class=\"elementor-element elementor-element-c4b92fb elementor-widget elementor-widget-heading\" data-id=\"c4b92fb\" data-element_type=\"widget\" data-e-type=\"widget\" data-widget_type=\"heading.default\">\n\t\t\t\t<div class=\"elementor-widget-container\">\n\t\t\t\t\t<h2 class=\"elementor-heading-title elementor-size-default\">Pediatric ophthalmologist - our treatments<\/h2>\t\t\t\t<\/div>\n\t\t\t\t<\/div>\n\t\t\t\t<div class=\"elementor-element elementor-element-ffc0cb4 elementor-widget elementor-widget-text-editor\" data-id=\"ffc0cb4\" data-element_type=\"widget\" data-e-type=\"widget\" data-widget_type=\"text-editor.default\">\n\t\t\t\t<div class=\"elementor-widget-container\">\n\t\t\t\t\t\t\t\t\t<p><span style=\"font-weight: 400;\">You can have your child\u2019s eyes examined with professional expertise at our practice. Does your child experience poor concentration, headaches, watery eyes, impaired vision, or other symptoms that might indicate an eye condition? As pediatric ophthalmologists, we diagnose and treat eye diseases in children with great sensitivity and empathy. This allows us to detect vision impairments early on and prevent long-term damage through appropriate therapy.   <\/span><\/p><p><span style=\"font-weight: 400;\">We specialize in the treatment of strabismus and vision impairments in children.<\/span><\/p>\t\t\t\t\t\t\t\t<\/div>\n\t\t\t\t<\/div>\n\t\t\t\t\t<\/div>\n\t\t<\/div>\n\t\t\t\t\t<\/div>\n\t\t<\/section>\n\t\t\t\t<section class=\"elementor-section elementor-inner-section elementor-element elementor-element-4b24474 animated-slow elementor-section-boxed elementor-section-height-default elementor-section-height-default elementor-invisible\" data-id=\"4b24474\" data-element_type=\"section\" data-e-type=\"section\" data-settings=\"{&quot;animation&quot;:&quot;fadeInUp&quot;}\">\n\t\t\t\t\t\t<div class=\"elementor-container elementor-column-gap-default\">\n\t\t\t\t\t<div class=\"elementor-column elementor-col-33 elementor-inner-column elementor-element elementor-element-698be5c\" data-id=\"698be5c\" data-element_type=\"column\" data-e-type=\"column\" data-settings=\"{&quot;background_background&quot;:&quot;classic&quot;}\">\n\t\t\t<div class=\"elementor-widget-wrap elementor-element-populated\">\n\t\t\t\t\t\t<div class=\"elementor-element elementor-element-b20103f eyecon jkit-equal-height-disable elementor-widget elementor-widget-jkit_icon_box\" data-id=\"b20103f\" data-element_type=\"widget\" data-e-type=\"widget\" data-widget_type=\"jkit_icon_box.default\">\n\t\t\t\t<div class=\"elementor-widget-container\">\n\t\t\t\t\t<div  class=\"jeg-elementor-kit jkit-icon-box icon-position-left elementor-animation- jeg_module__1_69f5b0c771cf5\" ><div class=\"jkit-icon-box-wrapper hover-from-left\"><div class=\"icon-box icon-box-header elementor-animation-\"><div class=\"icon style-color\"><img fetchpriority=\"high\" decoding=\"async\" width=\"320\" height=\"209\" src=\"https:\/\/augen-arzt-praxis.ch\/wp-content\/uploads\/2023\/01\/glaucoma.png\" class=\"attachment-full size-full\" alt=\"Kinderophthal-mologie\" url=\"https:\/\/augen-arzt-praxis.ch\/wp-content\/uploads\/2023\/01\/glaucoma.png\" srcset=\"https:\/\/augen-arzt-praxis.ch\/wp-content\/uploads\/2023\/01\/glaucoma.png 320w, https:\/\/augen-arzt-praxis.ch\/wp-content\/uploads\/2023\/01\/glaucoma-300x196.png 300w\" sizes=\"(max-width: 320px) 100vw, 320px\" \/><\/div><\/div><div class=\"icon-box icon-box-body\">\n                <h3 class=\"title\">Kinderophthal-mologie<\/h3><p class=\"icon-box-description\">Ophthalmologische Behandlung &amp; Untersuchung von Kindern<\/p><div class=\"icon-box-button \">\n                <div class=\"btn-wrapper icon-position-after\">\n                    <a href=\"https:\/\/augen-arzt-praxis.ch\/kinderophthamologie\/\" class=\"icon-box-link\" aria-label=\"Mehr lesen\">Mehr lesen<i aria-hidden=\"true\" class=\"fas fa-arrow-right\"><\/i><\/a>\n                <\/div>\n            <\/div>\n            <\/div>\n            \n            <\/div><\/div>\t\t\t\t<\/div>\n\t\t\t\t<\/div>\n\t\t\t\t\t<\/div>\n\t\t<\/div>\n\t\t\t\t<div class=\"elementor-column elementor-col-33 elementor-inner-column elementor-element elementor-element-9008400\" data-id=\"9008400\" data-element_type=\"column\" data-e-type=\"column\" data-settings=\"{&quot;background_background&quot;:&quot;classic&quot;}\">\n\t\t\t<div class=\"elementor-widget-wrap elementor-element-populated\">\n\t\t\t\t\t\t<div class=\"elementor-element elementor-element-d7fe74d eyecon jkit-equal-height-disable elementor-widget elementor-widget-jkit_icon_box\" data-id=\"d7fe74d\" data-element_type=\"widget\" data-e-type=\"widget\" data-widget_type=\"jkit_icon_box.default\">\n\t\t\t\t<div class=\"elementor-widget-container\">\n\t\t\t\t\t<div  class=\"jeg-elementor-kit jkit-icon-box icon-position-left elementor-animation- jeg_module__2_69f5b0c7729a6\" ><div class=\"jkit-icon-box-wrapper hover-from-left\"><div class=\"icon-box icon-box-header elementor-animation-\"><div class=\"icon style-color\"><img decoding=\"async\" width=\"320\" height=\"209\" src=\"https:\/\/augen-arzt-praxis.ch\/wp-content\/uploads\/2023\/01\/cornea.png\" class=\"attachment-full size-full\" alt=\"Schielen bei Kindern\" url=\"https:\/\/augen-arzt-praxis.ch\/wp-content\/uploads\/2023\/01\/cornea.png\" source=\"library\" srcset=\"https:\/\/augen-arzt-praxis.ch\/wp-content\/uploads\/2023\/01\/cornea.png 320w, https:\/\/augen-arzt-praxis.ch\/wp-content\/uploads\/2023\/01\/cornea-300x196.png 300w\" sizes=\"(max-width: 320px) 100vw, 320px\" \/><\/div><\/div><div class=\"icon-box icon-box-body\">\n                <h3 class=\"title\">Schielen bei Kindern<\/h3><p class=\"icon-box-description\">Diagnostik &amp; Behandlung von Schielerkrankungen bei Kindern<\/p><div class=\"icon-box-button \">\n                <div class=\"btn-wrapper icon-position-after\">\n                    <a href=\"https:\/\/augen-arzt-praxis.ch\/schielen-bei-kindern\/\" class=\"icon-box-link\" aria-label=\"Mehr lesen\">Mehr lesen<i aria-hidden=\"true\" class=\"fas fa-arrow-right\"><\/i><\/a>\n                <\/div>\n            <\/div>\n            <\/div>\n            \n            <\/div><\/div>\t\t\t\t<\/div>\n\t\t\t\t<\/div>\n\t\t\t\t\t<\/div>\n\t\t<\/div>\n\t\t\t\t<div class=\"elementor-column elementor-col-33 elementor-inner-column elementor-element elementor-element-f4a8be1\" data-id=\"f4a8be1\" data-element_type=\"column\" data-e-type=\"column\" data-settings=\"{&quot;background_background&quot;:&quot;classic&quot;}\">\n\t\t\t<div class=\"elementor-widget-wrap elementor-element-populated\">\n\t\t\t\t\t\t<div class=\"elementor-element elementor-element-675027e eyecon jkit-equal-height-disable elementor-widget elementor-widget-jkit_icon_box\" data-id=\"675027e\" data-element_type=\"widget\" data-e-type=\"widget\" data-widget_type=\"jkit_icon_box.default\">\n\t\t\t\t<div class=\"elementor-widget-container\">\n\t\t\t\t\t<div  class=\"jeg-elementor-kit jkit-icon-box icon-position-left elementor-animation- jeg_module__3_69f5b0c773503\" ><div class=\"jkit-icon-box-wrapper hover-from-left\"><div class=\"icon-box icon-box-header elementor-animation-\"><div class=\"icon style-color\"><img decoding=\"async\" width=\"320\" height=\"209\" src=\"https:\/\/augen-arzt-praxis.ch\/wp-content\/uploads\/2023\/01\/dry.png\" class=\"attachment-full size-full\" alt=\"Kleinkinder &amp; Fr\u00fchgeborene\" url=\"https:\/\/augen-arzt-praxis.ch\/wp-content\/uploads\/2023\/01\/dry.png\" source=\"library\" srcset=\"https:\/\/augen-arzt-praxis.ch\/wp-content\/uploads\/2023\/01\/dry.png 320w, https:\/\/augen-arzt-praxis.ch\/wp-content\/uploads\/2023\/01\/dry-300x196.png 300w\" sizes=\"(max-width: 320px) 100vw, 320px\" \/><\/div><\/div><div class=\"icon-box icon-box-body\">\n                <h3 class=\"title\">Kleinkinder &amp; Fr\u00fchgeborene<\/h3><p class=\"icon-box-description\">Wir untersuchen Kleinkinder &amp; Fr\u00fchgeborene <\/p><div class=\"icon-box-button \">\n                <div class=\"btn-wrapper icon-position-after\">\n                    <a href=\"https:\/\/augen-arzt-praxis.ch\/fruehgeborenen-und-kleinkindern\/\" class=\"icon-box-link\" aria-label=\"Mehr lesen\">Mehr lesen<i aria-hidden=\"true\" class=\"fas fa-arrow-right\"><\/i><\/a>\n                <\/div>\n            <\/div>\n            <\/div>\n            \n            <\/div><\/div>\t\t\t\t<\/div>\n\t\t\t\t<\/div>\n\t\t\t\t\t<\/div>\n\t\t<\/div>\n\t\t\t\t\t<\/div>\n\t\t<\/section>\n\t\t\t\t<section class=\"elementor-section elementor-inner-section elementor-element elementor-element-a25e291 animated-slow elementor-section-boxed elementor-section-height-default elementor-section-height-default elementor-invisible\" data-id=\"a25e291\" data-element_type=\"section\" data-e-type=\"section\" data-settings=\"{&quot;animation&quot;:&quot;fadeInUp&quot;}\">\n\t\t\t\t\t\t<div class=\"elementor-container elementor-column-gap-default\">\n\t\t\t\t\t<div class=\"elementor-column elementor-col-33 elementor-inner-column elementor-element elementor-element-917ea07\" data-id=\"917ea07\" data-element_type=\"column\" data-e-type=\"column\" data-settings=\"{&quot;background_background&quot;:&quot;classic&quot;}\">\n\t\t\t<div class=\"elementor-widget-wrap elementor-element-populated\">\n\t\t\t\t\t\t<div class=\"elementor-element elementor-element-dc3e47d eyecon jkit-equal-height-disable elementor-widget elementor-widget-jkit_icon_box\" data-id=\"dc3e47d\" data-element_type=\"widget\" data-e-type=\"widget\" data-widget_type=\"jkit_icon_box.default\">\n\t\t\t\t<div class=\"elementor-widget-container\">\n\t\t\t\t\t<div  class=\"jeg-elementor-kit jkit-icon-box icon-position-left elementor-animation- jeg_module__4_69f5b0c774020\" ><div class=\"jkit-icon-box-wrapper hover-from-left\"><div class=\"icon-box icon-box-header elementor-animation-\"><div class=\"icon style-color\"><img loading=\"lazy\" decoding=\"async\" width=\"320\" height=\"209\" src=\"https:\/\/augen-arzt-praxis.ch\/wp-content\/uploads\/2023\/01\/glaucoma.png\" class=\"attachment-full size-full\" alt=\"Myopie Management\" url=\"https:\/\/augen-arzt-praxis.ch\/wp-content\/uploads\/2023\/01\/glaucoma.png\" srcset=\"https:\/\/augen-arzt-praxis.ch\/wp-content\/uploads\/2023\/01\/glaucoma.png 320w, https:\/\/augen-arzt-praxis.ch\/wp-content\/uploads\/2023\/01\/glaucoma-300x196.png 300w\" sizes=\"(max-width: 320px) 100vw, 320px\" \/><\/div><\/div><div class=\"icon-box icon-box-body\">\n                <h3 class=\"title\">Myopie Management<\/h3><p class=\"icon-box-description\">Diagnostik &amp; Behandlung von Kurzsichtigkeit (Myopie) bei Kindern<\/p><div class=\"icon-box-button \">\n                <div class=\"btn-wrapper icon-position-after\">\n                    <a href=\"https:\/\/augen-arzt-praxis.ch\/myopie-management\/\" class=\"icon-box-link\" aria-label=\"Mehr lesen\">Mehr lesen<i aria-hidden=\"true\" class=\"fas fa-arrow-right\"><\/i><\/a>\n                <\/div>\n            <\/div>\n            <\/div>\n            \n            <\/div><\/div>\t\t\t\t<\/div>\n\t\t\t\t<\/div>\n\t\t\t\t\t<\/div>\n\t\t<\/div>\n\t\t\t\t<div class=\"elementor-column elementor-col-33 elementor-inner-column elementor-element elementor-element-d03d473\" data-id=\"d03d473\" data-element_type=\"column\" data-e-type=\"column\" data-settings=\"{&quot;background_background&quot;:&quot;classic&quot;}\">\n\t\t\t<div class=\"elementor-widget-wrap elementor-element-populated\">\n\t\t\t\t\t\t<div class=\"elementor-element elementor-element-beb90b6 eyecon jkit-equal-height-disable elementor-widget elementor-widget-jkit_icon_box\" data-id=\"beb90b6\" data-element_type=\"widget\" data-e-type=\"widget\" data-widget_type=\"jkit_icon_box.default\">\n\t\t\t\t<div class=\"elementor-widget-container\">\n\t\t\t\t\t<div  class=\"jeg-elementor-kit jkit-icon-box icon-position-left elementor-animation- jeg_module__5_69f5b0c774a2f\" ><div class=\"jkit-icon-box-wrapper hover-from-left\"><div class=\"icon-box icon-box-header elementor-animation-\"><div class=\"icon style-color\"><img loading=\"lazy\" decoding=\"async\" width=\"320\" height=\"209\" src=\"https:\/\/augen-arzt-praxis.ch\/wp-content\/uploads\/2023\/01\/glaucoma.png\" class=\"attachment-full size-full\" alt=\"Fehlsichtigkeit bei Kindern\" url=\"https:\/\/augen-arzt-praxis.ch\/wp-content\/uploads\/2023\/01\/glaucoma.png\" srcset=\"https:\/\/augen-arzt-praxis.ch\/wp-content\/uploads\/2023\/01\/glaucoma.png 320w, https:\/\/augen-arzt-praxis.ch\/wp-content\/uploads\/2023\/01\/glaucoma-300x196.png 300w\" sizes=\"(max-width: 320px) 100vw, 320px\" \/><\/div><\/div><div class=\"icon-box icon-box-body\">\n                <h3 class=\"title\">Fehlsichtigkeit bei Kindern<\/h3><p class=\"icon-box-description\">Diagnostik &amp; Beratung bei der Wahl der richtigen Kinderbrille <\/p><div class=\"icon-box-button \">\n                <div class=\"btn-wrapper icon-position-after\">\n                    <a href=\"https:\/\/augen-arzt-praxis.ch\/fehlsichtigkeit-bei-kindern\/\" class=\"icon-box-link\" aria-label=\"Mehr lesen\">Mehr lesen<i aria-hidden=\"true\" class=\"fas fa-arrow-right\"><\/i><\/a>\n                <\/div>\n            <\/div>\n            <\/div>\n            \n            <\/div><\/div>\t\t\t\t<\/div>\n\t\t\t\t<\/div>\n\t\t\t\t\t<\/div>\n\t\t<\/div>\n\t\t\t\t<div class=\"elementor-column elementor-col-33 elementor-inner-column elementor-element elementor-element-db56dd6\" data-id=\"db56dd6\" data-element_type=\"column\" data-e-type=\"column\" data-settings=\"{&quot;background_background&quot;:&quot;classic&quot;}\">\n\t\t\t<div class=\"elementor-widget-wrap elementor-element-populated\">\n\t\t\t\t\t\t<div class=\"elementor-element elementor-element-dcbda77 eyecon jkit-equal-height-disable elementor-widget elementor-widget-jkit_icon_box\" data-id=\"dcbda77\" data-element_type=\"widget\" data-e-type=\"widget\" data-widget_type=\"jkit_icon_box.default\">\n\t\t\t\t<div class=\"elementor-widget-container\">\n\t\t\t\t\t<div  class=\"jeg-elementor-kit jkit-icon-box icon-position-left elementor-animation- jeg_module__6_69f5b0c77542a\" ><div class=\"jkit-icon-box-wrapper hover-from-left\"><div class=\"icon-box icon-box-header elementor-animation-\"><div class=\"icon style-color\"><img loading=\"lazy\" decoding=\"async\" width=\"320\" height=\"209\" src=\"https:\/\/augen-arzt-praxis.ch\/wp-content\/uploads\/2023\/01\/glaucoma.png\" class=\"attachment-full size-full\" alt=\"Notf\u00e4lle bei Kindern\" url=\"https:\/\/augen-arzt-praxis.ch\/wp-content\/uploads\/2023\/01\/glaucoma.png\" srcset=\"https:\/\/augen-arzt-praxis.ch\/wp-content\/uploads\/2023\/01\/glaucoma.png 320w, https:\/\/augen-arzt-praxis.ch\/wp-content\/uploads\/2023\/01\/glaucoma-300x196.png 300w\" sizes=\"(max-width: 320px) 100vw, 320px\" \/><\/div><\/div><div class=\"icon-box icon-box-body\">\n                <h3 class=\"title\">Notf\u00e4lle bei Kindern<\/h3><p class=\"icon-box-description\">Wir behandeln Kinder bei augenmedizinischen Notf\u00e4llen<\/p><div class=\"icon-box-button \">\n                <div class=\"btn-wrapper icon-position-after\">\n                    <a href=\"https:\/\/augen-arzt-praxis.ch\/notfaelle-bei-kindern\/\" class=\"icon-box-link\" aria-label=\"Mehr lesen\">Mehr lesen<i aria-hidden=\"true\" class=\"fas fa-arrow-right\"><\/i><\/a>\n                <\/div>\n            <\/div>\n            <\/div>\n            \n            <\/div><\/div>\t\t\t\t<\/div>\n\t\t\t\t<\/div>\n\t\t\t\t\t<\/div>\n\t\t<\/div>\n\t\t\t\t\t<\/div>\n\t\t<\/section>\n\t\t\t\t\t<\/div>\n\t\t<\/div>\n\t\t\t\t\t<\/div>\n\t\t<\/section>\n\t\t\t\t<section class=\"elementor-section elementor-top-section elementor-element elementor-element-823bf51 elementor-hidden-desktop elementor-hidden-mobile elementor-section-boxed elementor-section-height-default elementor-section-height-default\" data-id=\"823bf51\" data-element_type=\"section\" data-e-type=\"section\" data-settings=\"{&quot;background_background&quot;:&quot;classic&quot;}\">\n\t\t\t\t\t\t<div class=\"elementor-container elementor-column-gap-default\">\n\t\t\t\t\t<div class=\"elementor-column elementor-col-100 elementor-top-column elementor-element elementor-element-4461def\" data-id=\"4461def\" data-element_type=\"column\" data-e-type=\"column\">\n\t\t\t<div class=\"elementor-widget-wrap elementor-element-populated\">\n\t\t\t\t\t\t<section class=\"elementor-section elementor-inner-section elementor-element elementor-element-1d714db elementor-section-content-bottom elementor-section-boxed elementor-section-height-default elementor-section-height-default\" data-id=\"1d714db\" data-element_type=\"section\" data-e-type=\"section\">\n\t\t\t\t\t\t<div class=\"elementor-container elementor-column-gap-no\">\n\t\t\t\t\t<div class=\"elementor-column elementor-col-100 elementor-inner-column elementor-element elementor-element-7565605\" data-id=\"7565605\" data-element_type=\"column\" data-e-type=\"column\">\n\t\t\t<div class=\"elementor-widget-wrap elementor-element-populated\">\n\t\t\t\t\t\t<div class=\"elementor-element elementor-element-d077917 animated-slow elementor-invisible elementor-widget elementor-widget-heading\" data-id=\"d077917\" data-element_type=\"widget\" data-e-type=\"widget\" data-settings=\"{&quot;_animation&quot;:&quot;fadeInLeft&quot;,&quot;_animation_mobile&quot;:&quot;none&quot;}\" data-widget_type=\"heading.default\">\n\t\t\t\t<div class=\"elementor-widget-container\">\n\t\t\t\t\t<h5 class=\"elementor-heading-title elementor-size-default\">Make an appointment<\/h5>\t\t\t\t<\/div>\n\t\t\t\t<\/div>\n\t\t\t\t<div class=\"elementor-element elementor-element-5f52a3f elementor-widget elementor-widget-heading\" data-id=\"5f52a3f\" data-element_type=\"widget\" data-e-type=\"widget\" data-widget_type=\"heading.default\">\n\t\t\t\t<div class=\"elementor-widget-container\">\n\t\t\t\t\t<h2 class=\"elementor-heading-title elementor-size-default\">Pediatric ophthalmologist - our treatments<\/h2>\t\t\t\t<\/div>\n\t\t\t\t<\/div>\n\t\t\t\t\t<\/div>\n\t\t<\/div>\n\t\t\t\t\t<\/div>\n\t\t<\/section>\n\t\t\t\t<section class=\"elementor-section elementor-inner-section elementor-element elementor-element-61b929d animated-slow elementor-section-boxed elementor-section-height-default elementor-section-height-default elementor-invisible\" data-id=\"61b929d\" data-element_type=\"section\" data-e-type=\"section\" data-settings=\"{&quot;animation&quot;:&quot;fadeInUp&quot;}\">\n\t\t\t\t\t\t<div class=\"elementor-container elementor-column-gap-default\">\n\t\t\t\t\t<div class=\"elementor-column elementor-col-25 elementor-inner-column elementor-element elementor-element-dc44bdc\" data-id=\"dc44bdc\" data-element_type=\"column\" data-e-type=\"column\" data-settings=\"{&quot;background_background&quot;:&quot;classic&quot;}\">\n\t\t\t<div class=\"elementor-widget-wrap elementor-element-populated\">\n\t\t\t\t\t\t<div class=\"elementor-element elementor-element-159d5d5 eyecon jkit-equal-height-disable elementor-widget elementor-widget-jkit_icon_box\" data-id=\"159d5d5\" data-element_type=\"widget\" data-e-type=\"widget\" data-widget_type=\"jkit_icon_box.default\">\n\t\t\t\t<div class=\"elementor-widget-container\">\n\t\t\t\t\t<div  class=\"jeg-elementor-kit jkit-icon-box icon-position-left elementor-animation- jeg_module__7_69f5b0c775e2b\" ><div class=\"jkit-icon-box-wrapper hover-from-left\"><div class=\"icon-box icon-box-header elementor-animation-\"><div class=\"icon style-color\"><img loading=\"lazy\" decoding=\"async\" width=\"320\" height=\"209\" src=\"https:\/\/augen-arzt-praxis.ch\/wp-content\/uploads\/2023\/01\/glaucoma.png\" class=\"attachment-full size-full\" alt=\"Kinderopthal-mologie\" url=\"https:\/\/augen-arzt-praxis.ch\/wp-content\/uploads\/2023\/01\/glaucoma.png\" srcset=\"https:\/\/augen-arzt-praxis.ch\/wp-content\/uploads\/2023\/01\/glaucoma.png 320w, https:\/\/augen-arzt-praxis.ch\/wp-content\/uploads\/2023\/01\/glaucoma-300x196.png 300w\" sizes=\"(max-width: 320px) 100vw, 320px\" \/><\/div><\/div><div class=\"icon-box icon-box-body\">\n                <h3 class=\"title\">Kinderopthal-mologie<\/h3><p class=\"icon-box-description\">Opthalmologische Behandlung &amp; Untersuchung von Kindern<\/p><div class=\"icon-box-button \">\n                <div class=\"btn-wrapper icon-position-after\">\n                    <a href=\"https:\/\/augen-arzt-praxis.ch\/kinderophthamologie\/\" class=\"icon-box-link\" aria-label=\"Mehr lesen\">Mehr lesen<i aria-hidden=\"true\" class=\"fas fa-arrow-right\"><\/i><\/a>\n                <\/div>\n            <\/div>\n            <\/div>\n            \n            <\/div><\/div>\t\t\t\t<\/div>\n\t\t\t\t<\/div>\n\t\t\t\t\t<\/div>\n\t\t<\/div>\n\t\t\t\t<div class=\"elementor-column elementor-col-25 elementor-inner-column elementor-element elementor-element-25828fd\" data-id=\"25828fd\" data-element_type=\"column\" data-e-type=\"column\" data-settings=\"{&quot;background_background&quot;:&quot;classic&quot;}\">\n\t\t\t<div class=\"elementor-widget-wrap elementor-element-populated\">\n\t\t\t\t\t\t<div class=\"elementor-element elementor-element-4659a4e eyecon jkit-equal-height-disable elementor-widget elementor-widget-jkit_icon_box\" data-id=\"4659a4e\" data-element_type=\"widget\" data-e-type=\"widget\" data-widget_type=\"jkit_icon_box.default\">\n\t\t\t\t<div class=\"elementor-widget-container\">\n\t\t\t\t\t<div  class=\"jeg-elementor-kit jkit-icon-box icon-position-left elementor-animation- jeg_module__8_69f5b0c776849\" ><div class=\"jkit-icon-box-wrapper hover-from-left\"><div class=\"icon-box icon-box-header elementor-animation-\"><div class=\"icon style-color\"><img decoding=\"async\" width=\"320\" height=\"209\" src=\"https:\/\/augen-arzt-praxis.ch\/wp-content\/uploads\/2023\/01\/cornea.png\" class=\"attachment-full size-full\" alt=\"Schielen bei Kindern\" url=\"https:\/\/augen-arzt-praxis.ch\/wp-content\/uploads\/2023\/01\/cornea.png\" source=\"library\" srcset=\"https:\/\/augen-arzt-praxis.ch\/wp-content\/uploads\/2023\/01\/cornea.png 320w, https:\/\/augen-arzt-praxis.ch\/wp-content\/uploads\/2023\/01\/cornea-300x196.png 300w\" sizes=\"(max-width: 320px) 100vw, 320px\" \/><\/div><\/div><div class=\"icon-box icon-box-body\">\n                <h3 class=\"title\">Schielen bei Kindern<\/h3><p class=\"icon-box-description\">Diagnostik &amp; Behandlung von Schielerkrankungen bei Kindern<\/p><div class=\"icon-box-button \">\n                <div class=\"btn-wrapper icon-position-after\">\n                    <a href=\"https:\/\/augen-arzt-praxis.ch\/schielen-bei-kindern\/\" class=\"icon-box-link\" aria-label=\"Mehr lesen\">Mehr lesen<i aria-hidden=\"true\" class=\"fas fa-arrow-right\"><\/i><\/a>\n                <\/div>\n            <\/div>\n            <\/div>\n            \n            <\/div><\/div>\t\t\t\t<\/div>\n\t\t\t\t<\/div>\n\t\t\t\t\t<\/div>\n\t\t<\/div>\n\t\t\t\t<div class=\"elementor-column elementor-col-25 elementor-inner-column elementor-element elementor-element-ae42f99\" data-id=\"ae42f99\" data-element_type=\"column\" data-e-type=\"column\" data-settings=\"{&quot;background_background&quot;:&quot;classic&quot;}\">\n\t\t\t<div class=\"elementor-widget-wrap elementor-element-populated\">\n\t\t\t\t\t\t<div class=\"elementor-element elementor-element-76a22f3 eyecon jkit-equal-height-disable elementor-widget elementor-widget-jkit_icon_box\" data-id=\"76a22f3\" data-element_type=\"widget\" data-e-type=\"widget\" data-widget_type=\"jkit_icon_box.default\">\n\t\t\t\t<div class=\"elementor-widget-container\">\n\t\t\t\t\t<div  class=\"jeg-elementor-kit jkit-icon-box icon-position-left elementor-animation- jeg_module__9_69f5b0c77725d\" ><div class=\"jkit-icon-box-wrapper hover-from-left\"><div class=\"icon-box icon-box-header elementor-animation-\"><div class=\"icon style-color\"><img decoding=\"async\" width=\"320\" height=\"209\" src=\"https:\/\/augen-arzt-praxis.ch\/wp-content\/uploads\/2023\/01\/dry.png\" class=\"attachment-full size-full\" alt=\"Kleinkinder &amp; Fr\u00fchgeborene\" url=\"https:\/\/augen-arzt-praxis.ch\/wp-content\/uploads\/2023\/01\/dry.png\" source=\"library\" srcset=\"https:\/\/augen-arzt-praxis.ch\/wp-content\/uploads\/2023\/01\/dry.png 320w, https:\/\/augen-arzt-praxis.ch\/wp-content\/uploads\/2023\/01\/dry-300x196.png 300w\" sizes=\"(max-width: 320px) 100vw, 320px\" \/><\/div><\/div><div class=\"icon-box icon-box-body\">\n                <h3 class=\"title\">Kleinkinder &amp; Fr\u00fchgeborene<\/h3><p class=\"icon-box-description\">Wir untersuchen Kleinkinder &amp; Fr\u00fchgeborene <\/p><div class=\"icon-box-button \">\n                <div class=\"btn-wrapper icon-position-after\">\n                    <a href=\"https:\/\/augen-arzt-praxis.ch\/fruehgeborenen-und-kleinkindern\/\" class=\"icon-box-link\" aria-label=\"Mehr lesen\">Mehr lesen<i aria-hidden=\"true\" class=\"fas fa-arrow-right\"><\/i><\/a>\n                <\/div>\n            <\/div>\n            <\/div>\n            \n            <\/div><\/div>\t\t\t\t<\/div>\n\t\t\t\t<\/div>\n\t\t\t\t\t<\/div>\n\t\t<\/div>\n\t\t\t\t<div class=\"elementor-column elementor-col-25 elementor-inner-column elementor-element elementor-element-1416ad4\" data-id=\"1416ad4\" data-element_type=\"column\" data-e-type=\"column\" data-settings=\"{&quot;background_background&quot;:&quot;classic&quot;}\">\n\t\t\t<div class=\"elementor-widget-wrap elementor-element-populated\">\n\t\t\t\t\t\t<div class=\"elementor-element elementor-element-cfa5616 eyecon jkit-equal-height-disable elementor-widget elementor-widget-jkit_icon_box\" data-id=\"cfa5616\" data-element_type=\"widget\" data-e-type=\"widget\" data-widget_type=\"jkit_icon_box.default\">\n\t\t\t\t<div class=\"elementor-widget-container\">\n\t\t\t\t\t<div  class=\"jeg-elementor-kit jkit-icon-box icon-position-left elementor-animation- jeg_module__10_69f5b0c777c5b\" ><div class=\"jkit-icon-box-wrapper hover-from-left\"><div class=\"icon-box icon-box-header elementor-animation-\"><div class=\"icon style-color\"><img loading=\"lazy\" decoding=\"async\" width=\"320\" height=\"209\" src=\"https:\/\/augen-arzt-praxis.ch\/wp-content\/uploads\/2023\/01\/glaucoma.png\" class=\"attachment-full size-full\" alt=\"Myopie Management\" url=\"https:\/\/augen-arzt-praxis.ch\/wp-content\/uploads\/2023\/01\/glaucoma.png\" srcset=\"https:\/\/augen-arzt-praxis.ch\/wp-content\/uploads\/2023\/01\/glaucoma.png 320w, https:\/\/augen-arzt-praxis.ch\/wp-content\/uploads\/2023\/01\/glaucoma-300x196.png 300w\" sizes=\"(max-width: 320px) 100vw, 320px\" \/><\/div><\/div><div class=\"icon-box icon-box-body\">\n                <h3 class=\"title\">Myopie Management<\/h3><p class=\"icon-box-description\">Diagnostik &amp; Behandlung von Kurzsichtigkeit (Myopie) bei Kindern<\/p><div class=\"icon-box-button \">\n                <div class=\"btn-wrapper icon-position-after\">\n                    <a href=\"https:\/\/augen-arzt-praxis.ch\/myopie-management\/\" class=\"icon-box-link\" aria-label=\"Mehr lesen\">Mehr lesen<i aria-hidden=\"true\" class=\"fas fa-arrow-right\"><\/i><\/a>\n                <\/div>\n            <\/div>\n            <\/div>\n            \n            <\/div><\/div>\t\t\t\t<\/div>\n\t\t\t\t<\/div>\n\t\t\t\t\t<\/div>\n\t\t<\/div>\n\t\t\t\t\t<\/div>\n\t\t<\/section>\n\t\t\t\t<section class=\"elementor-section elementor-inner-section elementor-element elementor-element-a784a8f animated-slow elementor-section-boxed elementor-section-height-default elementor-section-height-default elementor-invisible\" data-id=\"a784a8f\" data-element_type=\"section\" data-e-type=\"section\" data-settings=\"{&quot;animation&quot;:&quot;fadeInUp&quot;}\">\n\t\t\t\t\t\t<div class=\"elementor-container elementor-column-gap-default\">\n\t\t\t\t\t<div class=\"elementor-column elementor-col-50 elementor-inner-column elementor-element elementor-element-1317a60\" data-id=\"1317a60\" data-element_type=\"column\" data-e-type=\"column\" data-settings=\"{&quot;background_background&quot;:&quot;classic&quot;}\">\n\t\t\t<div class=\"elementor-widget-wrap elementor-element-populated\">\n\t\t\t\t\t\t<div class=\"elementor-element elementor-element-ff403c2 eyecon jkit-equal-height-disable elementor-widget elementor-widget-jkit_icon_box\" data-id=\"ff403c2\" data-element_type=\"widget\" data-e-type=\"widget\" data-widget_type=\"jkit_icon_box.default\">\n\t\t\t\t<div class=\"elementor-widget-container\">\n\t\t\t\t\t<div  class=\"jeg-elementor-kit jkit-icon-box icon-position-left elementor-animation- jeg_module__11_69f5b0c778ea8\" ><div class=\"jkit-icon-box-wrapper hover-from-left\"><div class=\"icon-box icon-box-header elementor-animation-\"><div class=\"icon style-color\"><img loading=\"lazy\" decoding=\"async\" width=\"320\" height=\"209\" src=\"https:\/\/augen-arzt-praxis.ch\/wp-content\/uploads\/2023\/01\/glaucoma.png\" class=\"attachment-full size-full\" alt=\"Fehlsichtigkeit bei Kindern\" url=\"https:\/\/augen-arzt-praxis.ch\/wp-content\/uploads\/2023\/01\/glaucoma.png\" srcset=\"https:\/\/augen-arzt-praxis.ch\/wp-content\/uploads\/2023\/01\/glaucoma.png 320w, https:\/\/augen-arzt-praxis.ch\/wp-content\/uploads\/2023\/01\/glaucoma-300x196.png 300w\" sizes=\"(max-width: 320px) 100vw, 320px\" \/><\/div><\/div><div class=\"icon-box icon-box-body\">\n                <h3 class=\"title\">Fehlsichtigkeit bei Kindern<\/h3><p class=\"icon-box-description\">Diagnostik &amp; Beratung bei der Wahl der richtigen Kinderbrille <\/p><div class=\"icon-box-button \">\n                <div class=\"btn-wrapper icon-position-after\">\n                    <a href=\"https:\/\/augen-arzt-praxis.ch\/fehlsichtigkeit-bei-kindern\/\" class=\"icon-box-link\" aria-label=\"Mehr lesen\">Mehr lesen<i aria-hidden=\"true\" class=\"fas fa-arrow-right\"><\/i><\/a>\n                <\/div>\n            <\/div>\n            <\/div>\n            \n            <\/div><\/div>\t\t\t\t<\/div>\n\t\t\t\t<\/div>\n\t\t\t\t\t<\/div>\n\t\t<\/div>\n\t\t\t\t<div class=\"elementor-column elementor-col-50 elementor-inner-column elementor-element elementor-element-93bc94f\" data-id=\"93bc94f\" data-element_type=\"column\" data-e-type=\"column\" data-settings=\"{&quot;background_background&quot;:&quot;classic&quot;}\">\n\t\t\t<div class=\"elementor-widget-wrap elementor-element-populated\">\n\t\t\t\t\t\t<div class=\"elementor-element elementor-element-d83f5b6 eyecon jkit-equal-height-disable elementor-widget elementor-widget-jkit_icon_box\" data-id=\"d83f5b6\" data-element_type=\"widget\" data-e-type=\"widget\" data-widget_type=\"jkit_icon_box.default\">\n\t\t\t\t<div class=\"elementor-widget-container\">\n\t\t\t\t\t<div  class=\"jeg-elementor-kit jkit-icon-box icon-position-left elementor-animation- jeg_module__12_69f5b0c7798b1\" ><div class=\"jkit-icon-box-wrapper hover-from-left\"><div class=\"icon-box icon-box-header elementor-animation-\"><div class=\"icon style-color\"><img loading=\"lazy\" decoding=\"async\" width=\"320\" height=\"209\" src=\"https:\/\/augen-arzt-praxis.ch\/wp-content\/uploads\/2023\/01\/glaucoma.png\" class=\"attachment-full size-full\" alt=\"Notf\u00e4lle bei Kindern\" url=\"https:\/\/augen-arzt-praxis.ch\/wp-content\/uploads\/2023\/01\/glaucoma.png\" srcset=\"https:\/\/augen-arzt-praxis.ch\/wp-content\/uploads\/2023\/01\/glaucoma.png 320w, https:\/\/augen-arzt-praxis.ch\/wp-content\/uploads\/2023\/01\/glaucoma-300x196.png 300w\" sizes=\"(max-width: 320px) 100vw, 320px\" \/><\/div><\/div><div class=\"icon-box icon-box-body\">\n                <h3 class=\"title\">Notf\u00e4lle bei Kindern<\/h3><p class=\"icon-box-description\">Wir behandeln Kinder bei augenmedizinischen Notf\u00e4llen<\/p><div class=\"icon-box-button \">\n                <div class=\"btn-wrapper icon-position-after\">\n                    <a href=\"https:\/\/augen-arzt-praxis.ch\/notfaelle-bei-kindern\/\" class=\"icon-box-link\" aria-label=\"Mehr lesen\">Mehr lesen<i aria-hidden=\"true\" class=\"fas fa-arrow-right\"><\/i><\/a>\n                <\/div>\n            <\/div>\n            <\/div>\n            \n            <\/div><\/div>\t\t\t\t<\/div>\n\t\t\t\t<\/div>\n\t\t\t\t\t<\/div>\n\t\t<\/div>\n\t\t\t\t\t<\/div>\n\t\t<\/section>\n\t\t\t\t\t<\/div>\n\t\t<\/div>\n\t\t\t\t\t<\/div>\n\t\t<\/section>\n\t\t\t\t<section class=\"elementor-section elementor-top-section elementor-element elementor-element-91f5a41 elementor-reverse-tablet elementor-reverse-mobile elementor-section-boxed elementor-section-height-default elementor-section-height-default\" data-id=\"91f5a41\" data-element_type=\"section\" data-e-type=\"section\" data-settings=\"{&quot;background_background&quot;:&quot;classic&quot;}\">\n\t\t\t\t\t\t\t<div class=\"elementor-background-overlay\"><\/div>\n\t\t\t\t\t\t\t<div class=\"elementor-container elementor-column-gap-default\">\n\t\t\t\t\t<div class=\"elementor-column elementor-col-50 elementor-top-column elementor-element elementor-element-1388a36\" data-id=\"1388a36\" data-element_type=\"column\" data-e-type=\"column\">\n\t\t\t<div class=\"elementor-widget-wrap elementor-element-populated\">\n\t\t\t\t\t\t<div class=\"elementor-element elementor-element-69e06e8 elementor-widget elementor-widget-heading\" data-id=\"69e06e8\" data-element_type=\"widget\" data-e-type=\"widget\" data-widget_type=\"heading.default\">\n\t\t\t\t<div class=\"elementor-widget-container\">\n\t\t\t\t\t<h5 class=\"elementor-heading-title elementor-size-default\">Pediatric Ophthalmologist<\/h5>\t\t\t\t<\/div>\n\t\t\t\t<\/div>\n\t\t\t\t<div class=\"elementor-element elementor-element-4aced46 elementor-widget elementor-widget-heading\" data-id=\"4aced46\" data-element_type=\"widget\" data-e-type=\"widget\" data-widget_type=\"heading.default\">\n\t\t\t\t<div class=\"elementor-widget-container\">\n\t\t\t\t\t<h2 class=\"elementor-heading-title elementor-size-default\">A Practice for Children \u2013 Your Pediatric Ophthalmologist in Zurich\n<\/h2>\t\t\t\t<\/div>\n\t\t\t\t<\/div>\n\t\t\t\t<div class=\"elementor-element elementor-element-07d2b44 elementor-widget elementor-widget-text-editor\" data-id=\"07d2b44\" data-element_type=\"widget\" data-e-type=\"widget\" data-widget_type=\"text-editor.default\">\n\t\t\t\t<div class=\"elementor-widget-container\">\n\t\t\t\t\t\t\t\t\t<p><span style=\"font-weight: 400;\">We understand that visiting the doctor can often be unpleasant or frightening for children. That is why we have designed our practice to be child-friendly, and our staff is specially trained to make visits as pleasant as possible for them. Our team approaches children with empathy and patience, using playful methods to help ease any anxiety about the examination.  <\/span><\/p><p><span style=\"font-weight: 400;\">Our expertise extends beyond the treatment of strabismus and vision impairments. We also specialize in the diagnosis and management of eye movement disorders, which can often be a challenge for children. We place a special emphasis on finding the best possible treatment options to help your child achieve optimal vision.  <\/span><\/p><p><span style=\"font-weight: 400;\">Trust in our many years of experience and our commitment to your child&#8217;s eye health. As your pediatric ophthalmologist in Zurich, we are dedicated to providing the best possible care and improving your child\u2019s visual well-being. <\/span><\/p><p><span style=\"font-weight: 400;\">As described above, we offer a wide range of services in the field of pediatric ophthalmology. We are your partner for professional eye examinations for your child. We provide treatments for strabismus and vision impairments for our youngest patients and have the specialized instruments to comprehensively examine your child\u2019s eye health. We tailor our approach to your child\u2019s individual needs and personality, providing diagnosis and therapy with great empathy.   <\/span><\/p>\t\t\t\t\t\t\t\t<\/div>\n\t\t\t\t<\/div>\n\t\t\t\t<div class=\"elementor-element elementor-element-1f6c2f5 elementor-align-left elementor-mobile-align-left animated-slow elementor-invisible elementor-widget elementor-widget-button\" data-id=\"1f6c2f5\" data-element_type=\"widget\" data-e-type=\"widget\" data-settings=\"{&quot;_animation&quot;:&quot;fadeInUp&quot;,&quot;_animation_mobile&quot;:&quot;none&quot;}\" data-widget_type=\"button.default\">\n\t\t\t\t<div class=\"elementor-widget-container\">\n\t\t\t\t\t\t\t\t\t<div class=\"elementor-button-wrapper\">\n\t\t\t\t\t<a class=\"elementor-button elementor-button-link elementor-size-sm elementor-animation-float\" href=\"https:\/\/augen-arzt-praxis.ch\/en\/contact\/#termin_buchen\">\n\t\t\t\t\t\t<span class=\"elementor-button-content-wrapper\">\n\t\t\t\t\t\t\t\t\t<span class=\"elementor-button-text\">Make an appointment online now<\/span>\n\t\t\t\t\t<\/span>\n\t\t\t\t\t<\/a>\n\t\t\t\t<\/div>\n\t\t\t\t\t\t\t\t<\/div>\n\t\t\t\t<\/div>\n\t\t\t\t\t<\/div>\n\t\t<\/div>\n\t\t\t\t<div class=\"elementor-column elementor-col-50 elementor-top-column elementor-element elementor-element-639bd28\" data-id=\"639bd28\" data-element_type=\"column\" data-e-type=\"column\">\n\t\t\t<div class=\"elementor-widget-wrap elementor-element-populated\">\n\t\t\t\t\t\t<div class=\"elementor-element elementor-element-d14f44a elementor-widget elementor-widget-image\" data-id=\"d14f44a\" data-element_type=\"widget\" data-e-type=\"widget\" data-widget_type=\"image.default\">\n\t\t\t\t<div class=\"elementor-widget-container\">\n\t\t\t\t\t\t\t\t\t\t\t\t\t\t\t<img loading=\"lazy\" decoding=\"async\" width=\"800\" height=\"800\" src=\"https:\/\/augen-arzt-praxis.ch\/wp-content\/uploads\/2023\/03\/H3A5561-1-1024x1024.jpg\" class=\"attachment-large size-large wp-image-2478\" alt=\"Kind beim Augenarzt und einen Sehtest druchf\u00fchrt\" srcset=\"https:\/\/augen-arzt-praxis.ch\/wp-content\/uploads\/2023\/03\/H3A5561-1-1024x1024.jpg 1024w, https:\/\/augen-arzt-praxis.ch\/wp-content\/uploads\/2023\/03\/H3A5561-1-300x300.jpg 300w, https:\/\/augen-arzt-praxis.ch\/wp-content\/uploads\/2023\/03\/H3A5561-1-150x150.jpg 150w, https:\/\/augen-arzt-praxis.ch\/wp-content\/uploads\/2023\/03\/H3A5561-1-768x768.jpg 768w, https:\/\/augen-arzt-praxis.ch\/wp-content\/uploads\/2023\/03\/H3A5561-1-1536x1536.jpg 1536w, https:\/\/augen-arzt-praxis.ch\/wp-content\/uploads\/2023\/03\/H3A5561-1-2048x2048.jpg 2048w\" sizes=\"(max-width: 800px) 100vw, 800px\" \/>\t\t\t\t\t\t\t\t\t\t\t\t\t\t\t<\/div>\n\t\t\t\t<\/div>\n\t\t\t\t\t<\/div>\n\t\t<\/div>\n\t\t\t\t\t<\/div>\n\t\t<\/section>\n\t\t\t\t<section class=\"elementor-section elementor-top-section elementor-element elementor-element-e109436 elementor-reverse-tablet elementor-reverse-mobile elementor-section-boxed elementor-section-height-default elementor-section-height-default\" data-id=\"e109436\" data-element_type=\"section\" data-e-type=\"section\" data-settings=\"{&quot;background_background&quot;:&quot;classic&quot;}\">\n\t\t\t\t\t\t\t<div class=\"elementor-background-overlay\"><\/div>\n\t\t\t\t\t\t\t<div class=\"elementor-container elementor-column-gap-default\">\n\t\t\t\t\t<div class=\"elementor-column elementor-col-100 elementor-top-column elementor-element elementor-element-167aa8a\" data-id=\"167aa8a\" data-element_type=\"column\" data-e-type=\"column\">\n\t\t\t<div class=\"elementor-widget-wrap elementor-element-populated\">\n\t\t\t\t\t\t<div class=\"elementor-element elementor-element-bd40689 elementor-widget elementor-widget-heading\" data-id=\"bd40689\" data-element_type=\"widget\" data-e-type=\"widget\" data-widget_type=\"heading.default\">\n\t\t\t\t<div class=\"elementor-widget-container\">\n\t\t\t\t\t<h5 class=\"elementor-heading-title elementor-size-default\">Book an appointment online now<\/h5>\t\t\t\t<\/div>\n\t\t\t\t<\/div>\n\t\t\t\t<div class=\"elementor-element elementor-element-9081067 elementor-widget elementor-widget-heading\" data-id=\"9081067\" data-element_type=\"widget\" data-e-type=\"widget\" data-widget_type=\"heading.default\">\n\t\t\t\t<div class=\"elementor-widget-container\">\n\t\t\t\t\t<h2 class=\"elementor-heading-title elementor-size-default\">Office hours and appointment<\/h2>\t\t\t\t<\/div>\n\t\t\t\t<\/div>\n\t\t\t\t<div class=\"elementor-element elementor-element-26753a1 elementor-widget elementor-widget-text-editor\" data-id=\"26753a1\" data-element_type=\"widget\" data-e-type=\"widget\" data-widget_type=\"text-editor.default\">\n\t\t\t\t<div class=\"elementor-widget-container\">\n\t\t\t\t\t\t\t\t\t<p><span style=\"font-weight: 400;\">Make a convenient appointment.<\/span><\/p>\n<p><b>In case of emergency<\/b> (especially in case of: sudden vision loss, acute pain or inflammation of the eyes, new strabismus, accidents) <b>please call us<\/b> so that we can give your children or you an urgent appointment.<\/p>\t\t\t\t\t\t\t\t<\/div>\n\t\t\t\t<\/div>\n\t\t\t\t<div class=\"elementor-element elementor-element-0fb9957 elementor-widget elementor-widget-heading\" data-id=\"0fb9957\" data-element_type=\"widget\" data-e-type=\"widget\" data-widget_type=\"heading.default\">\n\t\t\t\t<div class=\"elementor-widget-container\">\n\t\t\t\t\t<h4 class=\"elementor-heading-title elementor-size-default\">Our office hours (consultation hours and telephone):<\/h4>\t\t\t\t<\/div>\n\t\t\t\t<\/div>\n\t\t\t\t<section class=\"elementor-section elementor-inner-section elementor-element elementor-element-9e3a996 elementor-section-content-middle elementor-section-boxed elementor-section-height-default elementor-section-height-default\" data-id=\"9e3a996\" data-element_type=\"section\" data-e-type=\"section\">\n\t\t\t\t\t\t<div class=\"elementor-container elementor-column-gap-no\">\n\t\t\t\t\t<div class=\"elementor-column elementor-col-50 elementor-inner-column elementor-element elementor-element-56fc798\" data-id=\"56fc798\" data-element_type=\"column\" data-e-type=\"column\">\n\t\t\t<div class=\"elementor-widget-wrap elementor-element-populated\">\n\t\t\t\t\t\t<div class=\"elementor-element elementor-element-2b3771c elementor-widget elementor-widget-heading\" data-id=\"2b3771c\" data-element_type=\"widget\" data-e-type=\"widget\" data-widget_type=\"heading.default\">\n\t\t\t\t<div class=\"elementor-widget-container\">\n\t\t\t\t\t<span class=\"elementor-heading-title elementor-size-default\">Monday - Friday<\/span>\t\t\t\t<\/div>\n\t\t\t\t<\/div>\n\t\t\t\t\t<\/div>\n\t\t<\/div>\n\t\t\t\t<div class=\"elementor-column elementor-col-50 elementor-inner-column elementor-element elementor-element-e927b92\" data-id=\"e927b92\" data-element_type=\"column\" data-e-type=\"column\">\n\t\t\t<div class=\"elementor-widget-wrap elementor-element-populated\">\n\t\t\t\t\t\t<div class=\"elementor-element elementor-element-55af132 elementor-icon-list--layout-inline elementor-align-end elementor-list-item-link-full_width elementor-widget elementor-widget-icon-list\" data-id=\"55af132\" data-element_type=\"widget\" data-e-type=\"widget\" data-widget_type=\"icon-list.default\">\n\t\t\t\t<div class=\"elementor-widget-container\">\n\t\t\t\t\t\t\t<ul class=\"elementor-icon-list-items elementor-inline-items\">\n\t\t\t\t\t\t\t<li class=\"elementor-icon-list-item elementor-inline-item\">\n\t\t\t\t\t\t\t\t\t\t\t<span class=\"elementor-icon-list-icon\">\n\t\t\t\t\t\t\t<i aria-hidden=\"true\" class=\"far fa-clock\"><\/i>\t\t\t\t\t\t<\/span>\n\t\t\t\t\t\t\t\t\t\t<span class=\"elementor-icon-list-text\">08:00 - 12:00<\/span>\n\t\t\t\t\t\t\t\t\t<\/li>\n\t\t\t\t\t\t<\/ul>\n\t\t\t\t\t\t<\/div>\n\t\t\t\t<\/div>\n\t\t\t\t\t<\/div>\n\t\t<\/div>\n\t\t\t\t\t<\/div>\n\t\t<\/section>\n\t\t\t\t<section class=\"elementor-section elementor-inner-section elementor-element elementor-element-ed3136a elementor-section-content-middle elementor-section-boxed elementor-section-height-default elementor-section-height-default\" data-id=\"ed3136a\" data-element_type=\"section\" data-e-type=\"section\">\n\t\t\t\t\t\t<div class=\"elementor-container elementor-column-gap-no\">\n\t\t\t\t\t<div class=\"elementor-column elementor-col-50 elementor-inner-column elementor-element elementor-element-22d1193\" data-id=\"22d1193\" data-element_type=\"column\" data-e-type=\"column\">\n\t\t\t<div class=\"elementor-widget-wrap elementor-element-populated\">\n\t\t\t\t\t\t<div class=\"elementor-element elementor-element-98a2d2a elementor-widget elementor-widget-heading\" data-id=\"98a2d2a\" data-element_type=\"widget\" data-e-type=\"widget\" data-widget_type=\"heading.default\">\n\t\t\t\t<div class=\"elementor-widget-container\">\n\t\t\t\t\t<span class=\"elementor-heading-title elementor-size-default\">Monday - Friday<\/span>\t\t\t\t<\/div>\n\t\t\t\t<\/div>\n\t\t\t\t\t<\/div>\n\t\t<\/div>\n\t\t\t\t<div class=\"elementor-column elementor-col-50 elementor-inner-column elementor-element elementor-element-6bead7a\" data-id=\"6bead7a\" data-element_type=\"column\" data-e-type=\"column\">\n\t\t\t<div class=\"elementor-widget-wrap elementor-element-populated\">\n\t\t\t\t\t\t<div class=\"elementor-element elementor-element-4d30d17 elementor-icon-list--layout-inline elementor-align-end elementor-list-item-link-full_width elementor-widget elementor-widget-icon-list\" data-id=\"4d30d17\" data-element_type=\"widget\" data-e-type=\"widget\" data-widget_type=\"icon-list.default\">\n\t\t\t\t<div class=\"elementor-widget-container\">\n\t\t\t\t\t\t\t<ul class=\"elementor-icon-list-items elementor-inline-items\">\n\t\t\t\t\t\t\t<li class=\"elementor-icon-list-item elementor-inline-item\">\n\t\t\t\t\t\t\t\t\t\t\t<span class=\"elementor-icon-list-icon\">\n\t\t\t\t\t\t\t<i aria-hidden=\"true\" class=\"far fa-clock\"><\/i>\t\t\t\t\t\t<\/span>\n\t\t\t\t\t\t\t\t\t\t<span class=\"elementor-icon-list-text\">13:00 - 17:00<\/span>\n\t\t\t\t\t\t\t\t\t<\/li>\n\t\t\t\t\t\t<\/ul>\n\t\t\t\t\t\t<\/div>\n\t\t\t\t<\/div>\n\t\t\t\t\t<\/div>\n\t\t<\/div>\n\t\t\t\t\t<\/div>\n\t\t<\/section>\n\t\t\t\t<section class=\"elementor-section elementor-inner-section elementor-element elementor-element-a5d44b0 elementor-section-content-middle elementor-section-boxed elementor-section-height-default elementor-section-height-default\" data-id=\"a5d44b0\" data-element_type=\"section\" data-e-type=\"section\">\n\t\t\t\t\t\t<div class=\"elementor-container elementor-column-gap-no\">\n\t\t\t\t\t<div class=\"elementor-column elementor-col-50 elementor-inner-column elementor-element elementor-element-c1839c5\" data-id=\"c1839c5\" data-element_type=\"column\" data-e-type=\"column\">\n\t\t\t<div class=\"elementor-widget-wrap elementor-element-populated\">\n\t\t\t\t\t\t<div class=\"elementor-element elementor-element-848469c elementor-widget elementor-widget-heading\" data-id=\"848469c\" data-element_type=\"widget\" data-e-type=\"widget\" data-widget_type=\"heading.default\">\n\t\t\t\t<div class=\"elementor-widget-container\">\n\t\t\t\t\t<span class=\"elementor-heading-title elementor-size-default\">Saturday and Sunday<\/span>\t\t\t\t<\/div>\n\t\t\t\t<\/div>\n\t\t\t\t\t<\/div>\n\t\t<\/div>\n\t\t\t\t<div class=\"elementor-column elementor-col-50 elementor-inner-column elementor-element elementor-element-0b40e89\" data-id=\"0b40e89\" data-element_type=\"column\" data-e-type=\"column\">\n\t\t\t<div class=\"elementor-widget-wrap elementor-element-populated\">\n\t\t\t\t\t\t<div class=\"elementor-element elementor-element-7a6447e elementor-icon-list--layout-inline elementor-align-end elementor-list-item-link-full_width elementor-widget elementor-widget-icon-list\" data-id=\"7a6447e\" data-element_type=\"widget\" data-e-type=\"widget\" data-widget_type=\"icon-list.default\">\n\t\t\t\t<div class=\"elementor-widget-container\">\n\t\t\t\t\t\t\t<ul class=\"elementor-icon-list-items elementor-inline-items\">\n\t\t\t\t\t\t\t<li class=\"elementor-icon-list-item elementor-inline-item\">\n\t\t\t\t\t\t\t\t\t\t\t<span class=\"elementor-icon-list-icon\">\n\t\t\t\t\t\t\t<i aria-hidden=\"true\" class=\"far fa-clock\"><\/i>\t\t\t\t\t\t<\/span>\n\t\t\t\t\t\t\t\t\t\t<span class=\"elementor-icon-list-text\">Closed<\/span>\n\t\t\t\t\t\t\t\t\t<\/li>\n\t\t\t\t\t\t<\/ul>\n\t\t\t\t\t\t<\/div>\n\t\t\t\t<\/div>\n\t\t\t\t\t<\/div>\n\t\t<\/div>\n\t\t\t\t\t<\/div>\n\t\t<\/section>\n\t\t\t\t<div class=\"elementor-element elementor-element-ec575f3 elementor-widget elementor-widget-heading\" data-id=\"ec575f3\" data-element_type=\"widget\" data-e-type=\"widget\" data-widget_type=\"heading.default\">\n\t\t\t\t<div class=\"elementor-widget-container\">\n\t\t\t\t\t<h4 class=\"elementor-heading-title elementor-size-default\">Appointments by appointment by phone:<\/h4>\t\t\t\t<\/div>\n\t\t\t\t<\/div>\n\t\t\t\t<div class=\"elementor-element elementor-element-34d74d4 elementor-icon-list--layout-inline elementor-align-start elementor-list-item-link-full_width elementor-widget elementor-widget-icon-list\" data-id=\"34d74d4\" data-element_type=\"widget\" data-e-type=\"widget\" data-widget_type=\"icon-list.default\">\n\t\t\t\t<div class=\"elementor-widget-container\">\n\t\t\t\t\t\t\t<ul class=\"elementor-icon-list-items elementor-inline-items\">\n\t\t\t\t\t\t\t<li class=\"elementor-icon-list-item elementor-inline-item\">\n\t\t\t\t\t\t\t\t\t\t\t<a href=\"tel:00410445529191\">\n\n\t\t\t\t\t\t\t\t\t\t\t\t<span class=\"elementor-icon-list-icon\">\n\t\t\t\t\t\t\t<i aria-hidden=\"true\" class=\"jki jki-phone-line\"><\/i>\t\t\t\t\t\t<\/span>\n\t\t\t\t\t\t\t\t\t\t<span class=\"elementor-icon-list-text\">044 552 91 91<\/span>\n\t\t\t\t\t\t\t\t\t\t\t<\/a>\n\t\t\t\t\t\t\t\t\t<\/li>\n\t\t\t\t\t\t<\/ul>\n\t\t\t\t\t\t<\/div>\n\t\t\t\t<\/div>\n\t\t\t\t<div class=\"elementor-element elementor-element-d497823 elementor-widget elementor-widget-heading\" data-id=\"d497823\" data-element_type=\"widget\" data-e-type=\"widget\" data-widget_type=\"heading.default\">\n\t\t\t\t<div class=\"elementor-widget-container\">\n\t\t\t\t\t<h4 class=\"elementor-heading-title elementor-size-default\">or by mail:<\/h4>\t\t\t\t<\/div>\n\t\t\t\t<\/div>\n\t\t\t\t<div class=\"elementor-element elementor-element-7f50c2e elementor-icon-list--layout-inline elementor-align-start elementor-list-item-link-full_width elementor-widget elementor-widget-icon-list\" data-id=\"7f50c2e\" data-element_type=\"widget\" data-e-type=\"widget\" data-widget_type=\"icon-list.default\">\n\t\t\t\t<div class=\"elementor-widget-container\">\n\t\t\t\t\t\t\t<ul class=\"elementor-icon-list-items elementor-inline-items\">\n\t\t\t\t\t\t\t<li class=\"elementor-icon-list-item elementor-inline-item\">\n\t\t\t\t\t\t\t\t\t\t\t<a href=\"mailto:hallo@augen-arzt-praxis.ch\">\n\n\t\t\t\t\t\t\t\t\t\t\t\t<span class=\"elementor-icon-list-icon\">\n\t\t\t\t\t\t\t<i aria-hidden=\"true\" class=\"far fa-envelope\"><\/i>\t\t\t\t\t\t<\/span>\n\t\t\t\t\t\t\t\t\t\t<span class=\"elementor-icon-list-text\">hallo@augen-arzt-praxis.ch<\/span>\n\t\t\t\t\t\t\t\t\t\t\t<\/a>\n\t\t\t\t\t\t\t\t\t<\/li>\n\t\t\t\t\t\t<\/ul>\n\t\t\t\t\t\t<\/div>\n\t\t\t\t<\/div>\n\t\t\t\t<div class=\"elementor-element elementor-element-56a667f elementor-widget elementor-widget-heading\" data-id=\"56a667f\" data-element_type=\"widget\" data-e-type=\"widget\" data-widget_type=\"heading.default\">\n\t\t\t\t<div class=\"elementor-widget-container\">\n\t\t\t\t\t<h4 class=\"elementor-heading-title elementor-size-default\">or online:<\/h4>\t\t\t\t<\/div>\n\t\t\t\t<\/div>\n\t\t\t\t<div class=\"elementor-element elementor-element-96b0fb7 elementor-align-left elementor-mobile-align-left animated-slow elementor-invisible elementor-widget elementor-widget-button\" data-id=\"96b0fb7\" data-element_type=\"widget\" data-e-type=\"widget\" data-settings=\"{&quot;_animation&quot;:&quot;fadeInUp&quot;,&quot;_animation_mobile&quot;:&quot;none&quot;}\" data-widget_type=\"button.default\">\n\t\t\t\t<div class=\"elementor-widget-container\">\n\t\t\t\t\t\t\t\t\t<div class=\"elementor-button-wrapper\">\n\t\t\t\t\t<a class=\"elementor-button elementor-button-link elementor-size-sm elementor-animation-float\" href=\"https:\/\/augen-arzt-praxis.ch\/en\/contact\/#termin_buchen\">\n\t\t\t\t\t\t<span class=\"elementor-button-content-wrapper\">\n\t\t\t\t\t\t\t\t\t<span class=\"elementor-button-text\">Make an appointment online now<\/span>\n\t\t\t\t\t<\/span>\n\t\t\t\t\t<\/a>\n\t\t\t\t<\/div>\n\t\t\t\t\t\t\t\t<\/div>\n\t\t\t\t<\/div>\n\t\t\t\t\t<\/div>\n\t\t<\/div>\n\t\t\t\t\t<\/div>\n\t\t<\/section>\n\t\t\t\t<section class=\"elementor-section elementor-top-section elementor-element elementor-element-9dad793 elementor-section-content-middle elementor-section-boxed elementor-section-height-default elementor-section-height-default\" data-id=\"9dad793\" data-element_type=\"section\" data-e-type=\"section\">\n\t\t\t\t\t\t\t<div class=\"elementor-background-overlay\"><\/div>\n\t\t\t\t\t\t\t<div class=\"elementor-container elementor-column-gap-default\">\n\t\t\t\t\t<div class=\"elementor-column elementor-col-50 elementor-top-column elementor-element elementor-element-f44b2e3\" data-id=\"f44b2e3\" data-element_type=\"column\" data-e-type=\"column\">\n\t\t\t<div class=\"elementor-widget-wrap elementor-element-populated\">\n\t\t\t\t\t\t<div class=\"elementor-element elementor-element-7f479c2 elementor-widget elementor-widget-menu-anchor\" data-id=\"7f479c2\" data-element_type=\"widget\" data-e-type=\"widget\" data-widget_type=\"menu-anchor.default\">\n\t\t\t\t<div class=\"elementor-widget-container\">\n\t\t\t\t\t\t\t<div class=\"elementor-menu-anchor\" id=\"faq\"><\/div>\n\t\t\t\t\t\t<\/div>\n\t\t\t\t<\/div>\n\t\t\t\t<div class=\"elementor-element elementor-element-514dabb elementor-widget elementor-widget-heading\" data-id=\"514dabb\" data-element_type=\"widget\" data-e-type=\"widget\" data-widget_type=\"heading.default\">\n\t\t\t\t<div class=\"elementor-widget-container\">\n\t\t\t\t\t<h5 class=\"elementor-heading-title elementor-size-default\">FAQ<\/h5>\t\t\t\t<\/div>\n\t\t\t\t<\/div>\n\t\t\t\t<div class=\"elementor-element elementor-element-28ef140 elementor-widget elementor-widget-heading\" data-id=\"28ef140\" data-element_type=\"widget\" data-e-type=\"widget\" data-widget_type=\"heading.default\">\n\t\t\t\t<div class=\"elementor-widget-container\">\n\t\t\t\t\t<h2 class=\"elementor-heading-title elementor-size-default\">Frequently asked questions<\/h2>\t\t\t\t<\/div>\n\t\t\t\t<\/div>\n\t\t\t\t<div class=\"elementor-element elementor-element-9267d1d elementor-widget elementor-widget-text-editor\" data-id=\"9267d1d\" data-element_type=\"widget\" data-e-type=\"widget\" data-widget_type=\"text-editor.default\">\n\t\t\t\t<div class=\"elementor-widget-container\">\n\t\t\t\t\t\t\t\t\t<p>Questions and answers about our ophthalmic practice.<\/p>\t\t\t\t\t\t\t\t<\/div>\n\t\t\t\t<\/div>\n\t\t\t\t<div class=\"elementor-element elementor-element-b06e2a1 elementor-widget elementor-widget-jkit_accordion\" data-id=\"b06e2a1\" data-element_type=\"widget\" data-e-type=\"widget\" data-widget_type=\"jkit_accordion.default\">\n\t\t\t\t<div class=\"elementor-widget-container\">\n\t\t\t\t\t<div  class=\"jeg-elementor-kit jkit-accordion style-shadow jeg_module__13_69f5b0c77e7fa\" ><div class=\"card-wrapper \">\n                <div class=\"card-header\">\n                    <a href=\"#expand-c3e2d7d\" class=\"card-header-button\" aria-expanded=\"false\" data-target=\"#expand-c3e2d7d\" aria-controls=\"expand-c3e2d7d\">\n                        <span class=\"title\">Wie erreiche ich die Praxis mit dem \u00d6V?<\/span><div class=\"right-icon-group\">\n                <div class=\"normal-icon\"><i aria-hidden=\"true\" class=\"fas fa-chevron-down\"><\/i><\/div>\n                <div class=\"active-icon\"><i aria-hidden=\"true\" class=\"fas fa-chevron-up\"><\/i><\/div>\n            <\/div>\n                    <\/a>\n                <\/div>\n                <div class=\"card-expand\" id=\"expand-c3e2d7d\" style=\"display:none\"><div class=\"card-body\"><p>Die Praxis ist sehr gut mit dem \u00f6ffentlichen Verkehr erreichbar. Sie finden eine ausf\u00fchrliche Wegschreibung und einen Lageplan unter \u201eHier finden Sie uns\u201c (Link) \/ Hier finden Sie eine Wegbeschreibung<\/p><\/div><\/div>\n            <\/div><div class=\"card-wrapper \">\n                <div class=\"card-header\">\n                    <a href=\"#expand-f1de643\" class=\"card-header-button\" aria-expanded=\"false\" data-target=\"#expand-f1de643\" aria-controls=\"expand-f1de643\">\n                        <span class=\"title\">Wo finde ich einen Parkplatz in der N\u00e4he der Praxis? <\/span><div class=\"right-icon-group\">\n                <div class=\"normal-icon\"><i aria-hidden=\"true\" class=\"fas fa-chevron-down\"><\/i><\/div>\n                <div class=\"active-icon\"><i aria-hidden=\"true\" class=\"fas fa-chevron-up\"><\/i><\/div>\n            <\/div>\n                    <\/a>\n                <\/div>\n                <div class=\"card-expand\" id=\"expand-f1de643\" style=\"display:none\"><div class=\"card-body\"><p>In der unmittelbaren Umgebung der Praxis stehen Parkpl\u00e4tze in der weissen und blauen Zone zur Verf\u00fcgung. Sie erreichen die Praxis von den Parkh\u00e4usern \u201eOpernhaus\u201c und \u201eFeldegg\u201c aus in wenigen Gehminuten.<\/p><\/div><\/div>\n            <\/div><div class=\"card-wrapper \">\n                <div class=\"card-header\">\n                    <a href=\"#expand-4f3ecaf\" class=\"card-header-button\" aria-expanded=\"false\" data-target=\"#expand-4f3ecaf\" aria-controls=\"expand-4f3ecaf\">\n                        <span class=\"title\">Wieviel Zeit muss ich f\u00fcr die Untersuchung einplanen?<\/span><div class=\"right-icon-group\">\n                <div class=\"normal-icon\"><i aria-hidden=\"true\" class=\"fas fa-chevron-down\"><\/i><\/div>\n                <div class=\"active-icon\"><i aria-hidden=\"true\" class=\"fas fa-chevron-up\"><\/i><\/div>\n            <\/div>\n                    <\/a>\n                <\/div>\n                <div class=\"card-expand\" id=\"expand-4f3ecaf\" style=\"display:none\"><div class=\"card-body\"><p>Die meisten Patient:innen sind 30 bis 60 Minuten in unserer Praxis, wenn Augentropfen gegeben werden selten bis zu 2 Stunden (mit Pause). Wir geben jeden Tag unser Bestes, die Termine zeitlich einzuhalten.<\/p><\/div><\/div>\n            <\/div><div class=\"card-wrapper \">\n                <div class=\"card-header\">\n                    <a href=\"#expand-3ce02b0\" class=\"card-header-button\" aria-expanded=\"false\" data-target=\"#expand-3ce02b0\" aria-controls=\"expand-3ce02b0\">\n                        <span class=\"title\">Sie m\u00f6chten uns ein Feedback geben?<\/span><div class=\"right-icon-group\">\n                <div class=\"normal-icon\"><i aria-hidden=\"true\" class=\"fas fa-chevron-down\"><\/i><\/div>\n                <div class=\"active-icon\"><i aria-hidden=\"true\" class=\"fas fa-chevron-up\"><\/i><\/div>\n            <\/div>\n                    <\/a>\n                <\/div>\n                <div class=\"card-expand\" id=\"expand-3ce02b0\" style=\"display:none\"><div class=\"card-body\"><p>Sollten Sie uns eine Anregung, ein Lob oder Kritik mitteilen wollen, so schreiben Sie uns gerne eine Mail oder rufen Sie uns an. Wir nehmen uns gerne Ihrem Anliegen an.<\/p><\/div><\/div>\n            <\/div><div class=\"card-wrapper \">\n                <div class=\"card-header\">\n                    <a href=\"#expand-8fab880\" class=\"card-header-button\" aria-expanded=\"false\" data-target=\"#expand-8fab880\" aria-controls=\"expand-8fab880\">\n                        <span class=\"title\">Ist die Praxis mit dem Kinderwagen zug\u00e4nglich?<\/span><div class=\"right-icon-group\">\n                <div class=\"normal-icon\"><i aria-hidden=\"true\" class=\"fas fa-chevron-down\"><\/i><\/div>\n                <div class=\"active-icon\"><i aria-hidden=\"true\" class=\"fas fa-chevron-up\"><\/i><\/div>\n            <\/div>\n                    <\/a>\n                <\/div>\n                <div class=\"card-expand\" id=\"expand-8fab880\" style=\"display:none\"><div class=\"card-body\"><p>Die Praxis ist in der 1. Etage und verf\u00fcgt \u00fcber einen Lift. Im Eingangsbereich gibt es einen praxiseigenen Abstellplatz f\u00fcr den Kinderwagen. Wenn es f\u00fcr Sie wichtig ist, d\u00fcrfen Sie den Kinderwagen mit in die Praxis bringen. Die Warte- und Untersuchungsr\u00e4ume sind ohne Hindernisse zug\u00e4nglich. Wir verf\u00fcgen \u00fcber einen praktischen Wickelraum. Babys und Kleinkinder sind herzlich bei uns willkommen, daher sind f\u00fcr sie bestens eingerichtet und verf\u00fcgen \u00fcber moderne mobile Untersuchungsger\u00e4te f\u00fcr Kinder.<\/p><\/div><\/div>\n            <\/div><div class=\"card-wrapper \">\n                <div class=\"card-header\">\n                    <a href=\"#expand-34c3ab0\" class=\"card-header-button\" aria-expanded=\"false\" data-target=\"#expand-34c3ab0\" aria-controls=\"expand-34c3ab0\">\n                        <span class=\"title\">Bis wann kann ich meinen Termin stornieren?<\/span><div class=\"right-icon-group\">\n                <div class=\"normal-icon\"><i aria-hidden=\"true\" class=\"fas fa-chevron-down\"><\/i><\/div>\n                <div class=\"active-icon\"><i aria-hidden=\"true\" class=\"fas fa-chevron-up\"><\/i><\/div>\n            <\/div>\n                    <\/a>\n                <\/div>\n                <div class=\"card-expand\" id=\"expand-34c3ab0\" style=\"display:none\"><div class=\"card-body\"><p>Bis 24 Stunden vorher k\u00f6nnen Sie den Termin kostenlos telefonisch oder per e-Mail absagen. Wir behalten uns vor, sp\u00e4ter abgesagte Termine oder bei unentschuldigtem Fernbleiben mit einem Unkostenbeitrag in Rechnung zu stellen. Wir sind Ihnen dankbar, wenn Sie anderen Patienten Ihren Termin freigeben, wenn Sie nicht kommen k\u00f6nnen.<\/p><\/div><\/div>\n            <\/div><div class=\"card-wrapper \">\n                <div class=\"card-header\">\n                    <a href=\"#expand-e457e03\" class=\"card-header-button\" aria-expanded=\"false\" data-target=\"#expand-e457e03\" aria-controls=\"expand-e457e03\">\n                        <span class=\"title\">Kann ich nach der Untersuchung Auto fahren und arbeiten?<\/span><div class=\"right-icon-group\">\n                <div class=\"normal-icon\"><i aria-hidden=\"true\" class=\"fas fa-chevron-down\"><\/i><\/div>\n                <div class=\"active-icon\"><i aria-hidden=\"true\" class=\"fas fa-chevron-up\"><\/i><\/div>\n            <\/div>\n                    <\/a>\n                <\/div>\n                <div class=\"card-expand\" id=\"expand-e457e03\" style=\"display:none\"><div class=\"card-body\"><p>Falls Sie als erwachsener Patient zu uns kommen, besprechen wir gerne vorg\u00e4ngig mit Ihnen, ob bei der Untersuchung pupillenerweiternde Tropfen notwendig sind. Das F\u00fchren eines Fahrzeugs mit weiten Pupillen ist von Gesetzes wegen untersagt. In der Regel h\u00e4lt die Pupillenerweiterung 4 bis 6 Stunden an. In dieser Zeit ist die Nahsicht verschwommen, so dass Naharbeiten, wie z.B. eine B\u00fcrot\u00e4tigkeit, erschwert sind. Gerne planen wir die Termine zeitlich entsprechend mit Ihnen.<\/p><\/div><\/div>\n            <\/div><\/div>\t\t\t\t<\/div>\n\t\t\t\t<\/div>\n\t\t\t\t\t<\/div>\n\t\t<\/div>\n\t\t\t\t<div class=\"elementor-column elementor-col-50 elementor-top-column elementor-element elementor-element-ae56751 elementor-hidden-phone\" data-id=\"ae56751\" data-element_type=\"column\" data-e-type=\"column\">\n\t\t\t<div class=\"elementor-widget-wrap elementor-element-populated\">\n\t\t\t\t\t\t<div class=\"elementor-element elementor-element-a5883d7 elementor-widget elementor-widget-image\" data-id=\"a5883d7\" data-element_type=\"widget\" data-e-type=\"widget\" data-widget_type=\"image.default\">\n\t\t\t\t<div class=\"elementor-widget-container\">\n\t\t\t\t\t\t\t\t\t\t\t\t\t\t\t<img decoding=\"async\" src=\"https:\/\/augen-arzt-praxis.ch\/wp-content\/uploads\/elementor\/thumbs\/H3A5904-scaled-q3xt1v1oi9cahgmhsqxdjwu6igls717sp8q5197dhc.jpg\" title=\"_H3A5904\" alt=\"_H3A5904\" loading=\"lazy\" \/>\t\t\t\t\t\t\t\t\t\t\t\t\t\t\t<\/div>\n\t\t\t\t<\/div>\n\t\t\t\t<div class=\"elementor-element elementor-element-64de92d elementor-widget elementor-widget-image\" data-id=\"64de92d\" data-element_type=\"widget\" data-e-type=\"widget\" data-widget_type=\"image.default\">\n\t\t\t\t<div class=\"elementor-widget-container\">\n\t\t\t\t\t\t\t\t\t\t\t\t\t\t\t<img decoding=\"async\" src=\"https:\/\/augen-arzt-praxis.ch\/wp-content\/uploads\/elementor\/thumbs\/H3A5307-scaled-q3xu0cqhaeiwrp5bqyqxcesv90ka8sb7a1pdgjjrig.jpg\" title=\"_H3A5307\" alt=\"_H3A5307\" loading=\"lazy\" \/>\t\t\t\t\t\t\t\t\t\t\t\t\t\t\t<\/div>\n\t\t\t\t<\/div>\n\t\t\t\t\t<\/div>\n\t\t<\/div>\n\t\t\t\t\t<\/div>\n\t\t<\/section>\n\t\t\t\t<\/div>\n\t\t","protected":false},"excerpt":{"rendered":"<p>Pediatric ophthalmologist in Zurich Home Pediatric Ophthalmologist 0 + Jahre Erfahrung Pediatric Ophthalmologist Pediatric ophthalmology our specialty As pediatric ophthalmologists in Zurich, we treat children in the areas of strabismus (orthoptics \/ strabology), vision impairment, reduced visual acuity, myopia management, general ophthalmology, retinal diseases, eye malformations, and eye movement disorders. We also provide emergency care [&hellip;]<\/p>\n","protected":false},"author":1,"featured_media":0,"parent":0,"menu_order":0,"comment_status":"closed","ping_status":"closed","template":"elementor_header_footer","meta":{"footnotes":""},"class_list":["post-2643","page","type-page","status-publish","hentry"],"_links":{"self":[{"href":"https:\/\/augen-arzt-praxis.ch\/en\/wp-json\/wp\/v2\/pages\/2643","targetHints":{"allow":["GET"]}}],"collection":[{"href":"https:\/\/augen-arzt-praxis.ch\/en\/wp-json\/wp\/v2\/pages"}],"about":[{"href":"https:\/\/augen-arzt-praxis.ch\/en\/wp-json\/wp\/v2\/types\/page"}],"author":[{"embeddable":true,"href":"https:\/\/augen-arzt-praxis.ch\/en\/wp-json\/wp\/v2\/users\/1"}],"replies":[{"embeddable":true,"href":"https:\/\/augen-arzt-praxis.ch\/en\/wp-json\/wp\/v2\/comments?post=2643"}],"version-history":[{"count":2,"href":"https:\/\/augen-arzt-praxis.ch\/en\/wp-json\/wp\/v2\/pages\/2643\/revisions"}],"predecessor-version":[{"id":3041,"href":"https:\/\/augen-arzt-praxis.ch\/en\/wp-json\/wp\/v2\/pages\/2643\/revisions\/3041"}],"wp:attachment":[{"href":"https:\/\/augen-arzt-praxis.ch\/en\/wp-json\/wp\/v2\/media?parent=2643"}],"curies":[{"name":"wp","href":"https:\/\/api.w.org\/{rel}","templated":true}]}}